{"id":951,"date":"2025-05-26T08:17:00","date_gmt":"2025-05-26T08:17:00","guid":{"rendered":"http:\/\/kjs-bitterfeld.de\/?page_id=951"},"modified":"2026-02-22T13:14:32","modified_gmt":"2026-02-22T13:14:32","slug":"hochwildhegering","status":"publish","type":"page","link":"https:\/\/www.kjs-bitterfeld.de\/index.php\/hochwildhegering\/","title":{"rendered":"Hochwildhegering"},"content":{"rendered":"\n<hr class=\"wp-block-separator has-css-opacity\"\/>\n\n\n\n<h2><em>Hege nicht nur als Worth\u00fclse<\/em> - J\u00e4ger \u00fcbernehmen Verantwortung<\/h2>\n\n\n\n<p><strong>Beitrag vom 26.05.2025<\/strong><\/p>\n\n\n<p><img loading=\"lazy\" class=\"size-medium wp-image-1391 alignleft\" src=\"https:\/\/www.kjs-bitterfeld.de\/wp-content\/uploads\/2025\/05\/IMG_6272-225x300.jpeg\" alt=\"\" width=\"225\" height=\"300\" srcset=\"https:\/\/www.kjs-bitterfeld.de\/wp-content\/uploads\/2025\/05\/IMG_6272-225x300.jpeg 225w, https:\/\/www.kjs-bitterfeld.de\/wp-content\/uploads\/2025\/05\/IMG_6272-768x1024.jpeg 768w, https:\/\/www.kjs-bitterfeld.de\/wp-content\/uploads\/2025\/05\/IMG_6272-1152x1536.jpeg 1152w, https:\/\/www.kjs-bitterfeld.de\/wp-content\/uploads\/2025\/05\/IMG_6272-1536x2048.jpeg 1536w, https:\/\/www.kjs-bitterfeld.de\/wp-content\/uploads\/2025\/05\/IMG_6272-960x1280.jpeg 960w, https:\/\/www.kjs-bitterfeld.de\/wp-content\/uploads\/2025\/05\/IMG_6272-scaled.jpeg 1920w\" sizes=\"(max-width: 225px) 100vw, 225px\" \/>Im Bundesjagdgesetz steht es eindeutig geschrieben - vor allem anderen! Im \u00a7 1 Absatz (1) hei\u00dft es: <em>\"... Mit dem Jagdrecht ist die Pflicht zur Hege verbunden.\" <\/em>Jeder einzelne Revierinhaber und Begehungsscheininhaber muss sich die Frage stellen, was er f\u00fcr einen Beitrag dazu leisten kann.<\/p>\n<p>Es gibt viele M\u00f6glichkeiten, Hegema\u00dfnahmen zu ergreifen. Ob es das Anlegen von Micro-Habitaten wie Bl\u00fchwiesen oder Streuobstfl\u00e4chen ist, oder die Minderung des Pr\u00e4datorendruckes auf unsere heimischen Singvogel- und kleine Niederwildarten durch z.B. das Fangen von Waschb\u00e4ren. Jeder kann und muss einen kleinen Beitrag dazu leisten.&nbsp;<\/p>\n<p>Neben all diesen Ma\u00dfnahmen ist auch die Zeit der Wiesenmahd im Fr\u00fchjahr &amp; Sommer eine M\u00f6glichkeit, einen aktiven Hegebeitrag zu leisten und gleichzeitig das Verh\u00e4ltnis zum \u00f6rtlichen Landwirt zu festigen und intensivieren, sowie die Wahrnehmung nach Au\u00dfen in der Bev\u00f6lkerung positiv zu konotieren.<\/p>\n<p>Die Kitzrettung steht an!&nbsp;<\/p>\n<p>Nat\u00fcrlich, nicht jeder Revierinhaber hat die M\u00f6glichkeit \u00fcber Drohnentechnik f\u00fcr mehrere tausend Euro zu verf\u00fcgen oder entsprechende Lizenzen und F\u00fchrerscheine zu erwerben. Aber der blo\u00dfe Wille und das Verantwortungsbewusstsein, sowie eine glasklare Interpretation, wer \"Jagdaus\u00fcbung\" im Sinne des \u00a7 1 BJagdG Absatz (4) betreiben darf, l\u00e4sst dem verantwortungsbewussten Weidmann keine Wahl. Er muss sich aktiv an dem Geschehen rund um das Absuchen von Fl\u00e4chen innerhalb seines Reviers beteiligen. Denn nur er darf im Sinne des BJagdG Wild <em>\"Aufsuchen, Nachstellen, ...., Fangen.\"&nbsp;<\/em><\/p>\n<p>Lasst uns au\u00dferdem als J\u00e4ger die B\u00fchne nutzen, um in der Bev\u00f6lkerung das Bild des J\u00e4gers zu ver\u00e4ndern und all seine Facetten aufzuzeigen. Au\u00dferdem r\u00fcckt es die eigenen Gedanken bei einem Ansitz zurecht und stellt eine neue Wertigkeit f\u00fcr die Erlegung eines Bockes im Mai oder einem Schmalreh im Winter her.<\/p>\n<p>Wir freuen uns, dass wir in diesem Fr\u00fchjahr bereits intensiv mithelfen konnten, um aktiven Naturschutz zu leben, auch wenn die erste Woche der Drohnensuche nach Kitzen mit 5 intensiven Tagen sehr anstrengend war, so hat sich mit dem Auffinden mehrerer Kitze jede einzelne Minute gelohnt, die man in dieser Woche das Schlafdefizit aufbaut.<\/p>\n<p>Weidmannsheil<\/p>\n<p>Andreas<\/p>\n<div id='gallery-1' class='gallery galleryid-951 gallery-columns-3 gallery-size-thumbnail'><figure class='gallery-item'>\n\t\t\t<div class='gallery-icon landscape'>\n\t\t\t\t<a href='https:\/\/www.kjs-bitterfeld.de\/index.php\/hochwildhegering\/img_6240\/'><img width=\"150\" height=\"150\" src=\"https:\/\/www.kjs-bitterfeld.de\/wp-content\/uploads\/2025\/05\/IMG_6240-150x150.jpeg\" class=\"attachment-thumbnail size-thumbnail\" alt=\"\" loading=\"lazy\" \/><\/a>\n\t\t\t<\/div><\/figure><figure class='gallery-item'>\n\t\t\t<div class='gallery-icon landscape'>\n\t\t\t\t<a href='https:\/\/www.kjs-bitterfeld.de\/index.php\/hochwildhegering\/c00cbfd9-a756-4e3d-88fe-08aea13d540a\/'><img width=\"150\" height=\"150\" src=\"https:\/\/www.kjs-bitterfeld.de\/wp-content\/uploads\/2025\/05\/C00CBFD9-A756-4E3D-88FE-08AEA13D540A-150x150.jpeg\" class=\"attachment-thumbnail size-thumbnail\" alt=\"\" loading=\"lazy\" \/><\/a>\n\t\t\t<\/div><\/figure><figure class='gallery-item'>\n\t\t\t<div class='gallery-icon landscape'>\n\t\t\t\t<a href='https:\/\/www.kjs-bitterfeld.de\/index.php\/hochwildhegering\/img_6241\/'><img width=\"150\" height=\"150\" src=\"https:\/\/www.kjs-bitterfeld.de\/wp-content\/uploads\/2025\/05\/IMG_6241-150x150.jpeg\" class=\"attachment-thumbnail size-thumbnail\" alt=\"\" loading=\"lazy\" \/><\/a>\n\t\t\t<\/div><\/figure><figure class='gallery-item'>\n\t\t\t<div class='gallery-icon portrait'>\n\t\t\t\t<a href='https:\/\/www.kjs-bitterfeld.de\/index.php\/hochwildhegering\/img_6244\/'><img width=\"150\" height=\"150\" src=\"https:\/\/www.kjs-bitterfeld.de\/wp-content\/uploads\/2025\/05\/IMG_6244-150x150.jpeg\" class=\"attachment-thumbnail size-thumbnail\" alt=\"\" loading=\"lazy\" \/><\/a>\n\t\t\t<\/div><\/figure><figure class='gallery-item'>\n\t\t\t<div class='gallery-icon portrait'>\n\t\t\t\t<a href='https:\/\/www.kjs-bitterfeld.de\/index.php\/hochwildhegering\/img_6267\/'><img width=\"150\" height=\"150\" src=\"https:\/\/www.kjs-bitterfeld.de\/wp-content\/uploads\/2025\/05\/IMG_6267-150x150.jpeg\" class=\"attachment-thumbnail size-thumbnail\" alt=\"\" loading=\"lazy\" \/><\/a>\n\t\t\t<\/div><\/figure><figure class='gallery-item'>\n\t\t\t<div class='gallery-icon landscape'>\n\t\t\t\t<a href='https:\/\/www.kjs-bitterfeld.de\/index.php\/hochwildhegering\/img_6266\/'><img width=\"150\" height=\"150\" src=\"https:\/\/www.kjs-bitterfeld.de\/wp-content\/uploads\/2025\/05\/IMG_6266-150x150.jpeg\" class=\"attachment-thumbnail size-thumbnail\" alt=\"\" loading=\"lazy\" \/><\/a>\n\t\t\t<\/div><\/figure><figure class='gallery-item'>\n\t\t\t<div class='gallery-icon portrait'>\n\t\t\t\t<a href='https:\/\/www.kjs-bitterfeld.de\/index.php\/hochwildhegering\/img_6272\/'><img width=\"150\" height=\"150\" src=\"https:\/\/www.kjs-bitterfeld.de\/wp-content\/uploads\/2025\/05\/IMG_6272-150x150.jpeg\" class=\"attachment-thumbnail size-thumbnail\" alt=\"\" loading=\"lazy\" \/><\/a>\n\t\t\t<\/div><\/figure><figure class='gallery-item'>\n\t\t\t<div class='gallery-icon portrait'>\n\t\t\t\t<a href='https:\/\/www.kjs-bitterfeld.de\/index.php\/hochwildhegering\/img_6270\/'><img width=\"150\" height=\"150\" src=\"https:\/\/www.kjs-bitterfeld.de\/wp-content\/uploads\/2025\/05\/IMG_6270-150x150.jpeg\" class=\"attachment-thumbnail size-thumbnail\" alt=\"\" loading=\"lazy\" \/><\/a>\n\t\t\t<\/div><\/figure><figure class='gallery-item'>\n\t\t\t<div class='gallery-icon portrait'>\n\t\t\t\t<a href='https:\/\/www.kjs-bitterfeld.de\/index.php\/hochwildhegering\/efac437c-1ae5-45b8-b406-008404e5b9fa\/'><img width=\"150\" height=\"150\" src=\"https:\/\/www.kjs-bitterfeld.de\/wp-content\/uploads\/2025\/05\/efac437c-1ae5-45b8-b406-008404e5b9fa-150x150.jpeg\" class=\"attachment-thumbnail size-thumbnail\" alt=\"\" loading=\"lazy\" \/><\/a>\n\t\t\t<\/div><\/figure><figure class='gallery-item'>\n\t\t\t<div class='gallery-icon portrait'>\n\t\t\t\t<a href='https:\/\/www.kjs-bitterfeld.de\/index.php\/hochwildhegering\/img_6271\/'><img width=\"150\" height=\"150\" src=\"https:\/\/www.kjs-bitterfeld.de\/wp-content\/uploads\/2025\/05\/IMG_6271-150x150.jpeg\" class=\"attachment-thumbnail size-thumbnail\" alt=\"\" loading=\"lazy\" \/><\/a>\n\t\t\t<\/div><\/figure><figure class='gallery-item'>\n\t\t\t<div class='gallery-icon portrait'>\n\t\t\t\t<a href='https:\/\/www.kjs-bitterfeld.de\/index.php\/hochwildhegering\/img_6248\/'><img width=\"150\" height=\"150\" src=\"https:\/\/www.kjs-bitterfeld.de\/wp-content\/uploads\/2025\/05\/IMG_6248-150x150.jpeg\" class=\"attachment-thumbnail size-thumbnail\" alt=\"\" loading=\"lazy\" \/><\/a>\n\t\t\t<\/div><\/figure>\n\t\t<\/div>\n\n<p><\/p>\n<h3>Dienstag, 09.04.2024<\/h3>\n<h3>ASP Erlegerpr\u00e4mie f\u00fcr Schwarzwild Jagdjahr 2023\/2024 und dar\u00fcber hinaus<\/h3>\n<p>Wie am heutigen Tag durch den Gesch\u00e4ftsf\u00fchrer des LJV best\u00e4tigt wurde, wird die Elegerpr\u00e4mie f\u00fcr Schwarzwild \u00fcber das Jagdjahr 2023\/2024 hinaus erstmal wieder im \"alten\" Modus gezahlt.<\/p>\n<p>Die Antragszeitr\u00e4ume und -Fristen sind wie folgt:<\/p>\n<p>F\u00fcr Erlegungen vom 01.10.2023 bis 31.03.2024 sind<br><b>Antr\u00e4ge bis 15.05.2024 einzureichen.&nbsp;<\/b><\/p>\n<p>F\u00fcr Erlegungen vom 01.04.2024 bis 30.09.2024 sind<br><b>Antr\u00e4ge bis 15.10.2024 einzureichen<\/b><\/p>\n<h2><strong>Die Antragsunterlagen finden sich hier im Beitrag.<\/strong><\/h2>\n<p>Weidmannsheil<\/p>\n<p>Andreas Guthe<\/p>\n<p><\/p>\n\n\n<div class=\"wp-block-file\"><object class=\"wp-block-file__embed\" data=\"https:\/\/www.kjs-bitterfeld.de\/wp-content\/uploads\/2024\/04\/Antragsformular-650-002-PDF-09.2023.pdf\" type=\"application\/pdf\" style=\"width:100%;height:600px\" aria-label=\"Einbettung von Antragsformular 650 002 PDF 09.2023.\"><\/object><a id=\"wp-block-file--media-48dceb7c-27f5-4821-90a2-2a50e52b8317\" href=\"https:\/\/www.kjs-bitterfeld.de\/wp-content\/uploads\/2024\/04\/Antragsformular-650-002-PDF-09.2023.pdf\">Antragsformular 650 002 PDF 09.2023<\/a><a href=\"https:\/\/www.kjs-bitterfeld.de\/wp-content\/uploads\/2024\/04\/Antragsformular-650-002-PDF-09.2023.pdf\" class=\"wp-block-file__button\" download aria-describedby=\"wp-block-file--media-48dceb7c-27f5-4821-90a2-2a50e52b8317\">Herunterladen<\/a><\/div>\n\n\n\n<hr class=\"wp-block-separator has-alpha-channel-opacity\"\/>\n\n\n<h3>Hegringversammlung am 09.03.2023 in Schlaitz<\/h3>\n<p><strong>Am Donnerstag, den 9. M\u00e4rz 2023<\/strong> findet in der Landgastst\u00e4tte in Schlaitz die Hegeringversammlung des Hochwildhegerings statt.<\/p>\n<p><strong>Beginn ist 18.30 Uhr.<\/strong> Die aktuellen Themen werden unter anderem die Termine der J\u00e4gerschaft f\u00fcr das Jahr 2023 (Hubertusgottesdienst, Schie\u00dftermine, Hundevergleich u\u00e4.) sein.<\/p>\n<p>Au\u00dferdem wollen wir an diesem Abend das vergangene Jagdjahr in Hinblick auf die Streckenentwicklung auswerten. Zu diesem Zwecke bitte ich alle Hegeringmitglieder die Troph\u00e4en Ihrer erlegten St\u00fccke mitzubringen.&nbsp; Wer m\u00f6chte kann diese auch gut beschriftet (Troph\u00e4enanh\u00e4nger zur Not am Abend bei mir erh\u00e4ltlich) auch gleich f\u00fcr die Jahreshauptversammlung bei mir abgeben.<\/p>\n<p>Ich freue mich auf rege Teilnahme.<\/p>\n<p>Weidmannsheil,<\/p>\n<p>Andreas Guthe<\/p>\n<p><\/p>\n\n\n<hr class=\"wp-block-separator has-alpha-channel-opacity\"\/>\n\n\n\n<h3><mark style=\"background-color:rgba(0, 0, 0, 0)\" class=\"has-inline-color has-vivid-red-color\">UPDATE 28.02.2023<\/mark> Erlegerpr\u00e4mien f\u00fcr Schwarzwild<\/h3>\n\n\n\n<hr class=\"wp-block-separator has-alpha-channel-opacity\"\/>\n\n\n<p>Liebe Weidgenossen,<\/p>\n<p>aus aktuellem Anlass bitte ich die nachfolgenden Informationen aus dem Landesverwaltungsamt zu beachten: Der im letzten Beitrag genannte Inhalte ist somit z.T. obsolet und trifft, gerade was die Antragszeitr\u00e4ume anbelangt, nicht mehr zu.<\/p>\n<p>Bitte verbreitet, so weit m\u00f6glich, die Informationen auch an Weidm\u00e4nner in eurem Umfeld.<\/p>\n<p>In der neuen Mitteilung hei\u00dft es wie folgt:<\/p>\n<p><\/p>\n<p><strong><em>\"...mit Erlass vom 02. Januar 2023 teilte das Ministerium f\u00fcr Wirtschaft, Tourismus, Landwirtschaft und Forsten (MWL) mit, dass der Pr\u00e4mienanspruch als Ma\u00dfnahme zur Seuchenpr\u00e4vention (ASP), wie urspr\u00fcnglich in entsprechender Vereinbarung angedacht, bis zum 31. M\u00e4rz 2023 fortbesteht.<\/em><\/strong><\/p>\n<p><\/p>\n<p><strong><em>Folgender Pr\u00e4mienzeitraum ist durch die Landkreise und kreisfreien St\u00e4dte noch umzusetzen:<\/em><\/strong><\/p>\n<p><strong><em>01.10.2022 bis 31.03.2023 \u2013 Auszahlung bis zum 15.07.2023<\/em><\/strong><\/p>\n<p><\/p>\n<p><strong><em>Weiterhin wurde darauf verwiesen, dass<\/em> <em>die Zahlung der Erlegungspr\u00e4mie im Haushaltsjahr 2023 unter dem Vorbehalt der Verf\u00fcgbarkeit von Haushaltsmitteln steht.\"<\/em><\/strong><\/p>\n<p><\/p>\n<p>Im Klartext bedeutet dies, dass entgegen der letzten Aussage aus 2022, aus Erlegungen \u00fcber den 31.12.2022 bis hin zum 31.03.2023 zur Beantragung der Pr\u00e4mie herangezogen werden k\u00f6nnen.<\/p>\n<h3><strong><em>Die vollst\u00e4ndigen Antragsunterlagen m\u00fcssen bis zum 15.04.2023 (Posteingangsstempel) beim Landkreis vorliegen!<\/em><\/strong><\/h3>\n<p>Das f\u00fcr die Beantragung n\u00f6tige Formular ist im letzten Beitrag als Download zu finden.<\/p>\n<p><\/p>\n<p>Weidmannsheil<\/p>\n<p>Andreas Guthe<\/p>\n\n\n<hr class=\"wp-block-separator has-alpha-channel-opacity\"\/>\n\n\n<h3>Erlegerpr\u00e4mien f\u00fcr Schwarzwild 2022<\/h3>\n<p>Liebe Weidgenossen<\/p>\n<p>mit Erlass vom 14.07.2022 teilte das Ministerium f\u00fcr Wirtschaft, Tourismus, Landwirtschaft und Forsten (MWL) mit, dass der Pr\u00e4mienanspruch als Ma\u00dfnahme zur Seuchenpr\u00e4vention (ASP) bis zum <strong>31.12.2022<\/strong> <strong>befristet<\/strong> ist.<\/p>\n<p><\/p>\n<p>Demnach sind noch zwei Antragsfristen zu realisieren.<\/p>\n<p><\/p>\n<p>Pr\u00e4mienzeitraum:<\/p>\n<p>01.04. bis 30.09.2022 \u2013 Auszahlung bis zum 15.12.2022 <strong>(Posteingang der vollst\u00e4ndigen Antragsunterlagen bis zum 15.10.2022 beim LK)<\/strong><\/p>\n<p>01.10. bis 31.12.2022 \u2013 Auszahlung bis zum 15.07.2023 <strong>(Posteingang der vollst\u00e4ndigen Antragsunterlagen bis zum 15.04.2023 beim LK)<\/strong><\/p>\n<p>Den Antrag fondet Ihr in meinen fr\u00fcheren Beitr\u00e4gen weiter unten oder direkt unter dem nachfolgendem Link!<\/p>\n<p><span style=\"color: #ff0000\"><strong><a style=\"color: #ff0000\" href=\"https:\/\/www.kjs-bitterfeld.de\/wp-content\/uploads\/2022\/01\/2021-03-25_Formular_zur_Antragsstellung_auf_Erlegungspraemie_Version_1.1.pdf\">2021-03-25_Formular_zur_Antragsstellung_auf_Erlegungspraemie_Version_1.1<\/a><\/strong><\/span><\/p>\n<p>Weiterhin wurde darauf verwiesen, dass die Zahlung der Erlegungspr\u00e4mie unter dem Vorbehalt der Verf\u00fcgbarkeit von Haushaltsmitteln steht.<\/p>\n<p><\/p>\n\n\n<hr class=\"wp-block-separator has-alpha-channel-opacity\"\/>\n\n\n\n<h3>\"Die kalte Schnauze des Vertrauens!\" - So war er - der Jagdhundevergleich 2022<\/h3>\n\n\n\n<div class=\"wp-block-cover is-light\"><span aria-hidden=\"true\" class=\"wp-block-cover__background has-background-dim\"><\/span><img loading=\"lazy\" width=\"1920\" height=\"2560\" class=\"wp-block-cover__image-background wp-image-1237\" alt=\"\" src=\"https:\/\/www.kjs-bitterfeld.de\/wp-content\/uploads\/2022\/05\/Hundevergleich-9-scaled.jpeg\" data-object-fit=\"cover\" srcset=\"https:\/\/www.kjs-bitterfeld.de\/wp-content\/uploads\/2022\/05\/Hundevergleich-9-scaled.jpeg 1920w, https:\/\/www.kjs-bitterfeld.de\/wp-content\/uploads\/2022\/05\/Hundevergleich-9-225x300.jpeg 225w, https:\/\/www.kjs-bitterfeld.de\/wp-content\/uploads\/2022\/05\/Hundevergleich-9-768x1024.jpeg 768w, https:\/\/www.kjs-bitterfeld.de\/wp-content\/uploads\/2022\/05\/Hundevergleich-9-600x800.jpeg 600w, https:\/\/www.kjs-bitterfeld.de\/wp-content\/uploads\/2022\/05\/Hundevergleich-9-1152x1536.jpeg 1152w, https:\/\/www.kjs-bitterfeld.de\/wp-content\/uploads\/2022\/05\/Hundevergleich-9-1536x2048.jpeg 1536w, https:\/\/www.kjs-bitterfeld.de\/wp-content\/uploads\/2022\/05\/Hundevergleich-9-960x1280.jpeg 960w\" sizes=\"(max-width: 1920px) 100vw, 1920px\" \/><div class=\"wp-block-cover__inner-container\">\n<p class=\"has-text-align-center has-large-font-size\"><\/p>\n<\/div><\/div>\n\n\n<p>Gewitterwolken zogen auf, am Vorabend unseres Jagdhundevergleichs am vorletzten Samstag im Wonnemonat Mai. Zum Gl\u00fcck, allen Vorank\u00fcndigungen zum Trotz, war es nur wenig Wasser von oben und auch der Wind hielt sich in Grenzen, sodass die am Freitagnachmittag in den ausged\u00fcrrten Waldboden getretenen Kunst-F\u00e4hrten keinen allzu gro\u00dfen Schaden genommen hatten.<\/p>\n<p>Am Samstag gegen 8 Uhr f\u00fcllte sich der Treffpunkt im Revier R\u00f6sa. Mit Kaffee, Kuchen und unter den Kl\u00e4ngen unserer Jagdhornbl\u00e4ser der J\u00e4gerschaft begann eine toller \"Hundetag\". Mit insgesamt ca. 15-20 R\u00fcdem\u00e4nnern und Besuchern ging es anschlie\u00dfend zur ersten Station in den Hochwald unweit des Treffpunktes. Die ca. 650 m lange Schwei\u00dff\u00e4hrte rief nach \u00fcber 12 Stunden Standzeit dazu auf, endlich abgearbeitet zu werden. Nach kleinen \u00dcbungen zu Gehorsamkeit und F\u00fchrerbindung stellten sich 4 Hunde der Beobachtung des langj\u00e4hrig erfahrenen und best\u00e4tigtem Schwei\u00dfhundef\u00fchrer Thomas G\u00e4nsicke, der selbst einen erfahrenen BGS R\u00fcden am Riemen f\u00fchrt.&nbsp;<\/p>\n<p>Vorweg - all denen - die diesen Vergleich nicht gescheut haben, bringe ich gro\u00dfem Respekt gegen\u00fcber. Keiner, der 4 Hunde konnte sich schon vorweg als reiner Spezialist auf der roten F\u00e4hrte pr\u00e4sentieren und deshalb ist die respektable Leistung aller 4 angetretenen Gespanne hier \u00fcber die Ma\u00dfen zu w\u00fcrdigen.<\/p>\n<p>Schw\u00e4chen wurden sichtbar, St\u00e4rken wurden ausgenutzt und von den vielen Tipps und \"Kniffen\" von Thomas G\u00e4nsicke, hat sicher jeder hier etwas mitnehmen k\u00f6nnen. Ob Tiroler Bracke, M\u00fcnsterl\u00e4nder oder Heide-Terrier - ein gro\u00dfes Lob an alle, sich dieser genauen Beobachtung unterzogen haben. Alle 4 Gespanne kamen, teils mit Hilfe, zum St\u00fcck. Alle Gespanne arbeiteten als gute, harmonische Einheiten Hund und F\u00fchrer.<\/p>\n<p><\/p>\n<p>Im zweiten Teil der Veranstaltung ging es am sp\u00e4ten Vormittag an die Wasser- und Feldarbeit.<\/p>\n<p>Hier konnten die zwei, f\u00fcr diese Disziplin gemeldeten Hunde ihr K\u00f6nnen unter Beweis stellen.<\/p>\n<p>Kaninchen, Entenschleppe, Wasserarbeit - Suchen, Finden, Apportieren. Alles war dabei und so pr\u00e4sentierten sich auch diese beiden Gespanne in einer sehr guten Verfassung. St\u00e4rken und Schw\u00e4chen - Reinhard Kunze, als R\u00fcdemann mit langj\u00e4hriger Erfahrung in der Arbeit mit Vorstehhunden, blieb nichts verborgen. Toll, was diese Vierbeiner, selbst unter schwierigsten Bedingungen f\u00fcr uns J\u00e4ger leisten.<\/p>\n<p>Zu guter Letzt ging es dann in den Kessel, um ein Gulasch zur St\u00e4rkung zu essen und bei ein paar Getr\u00e4nken den Tag gegen 15 Uhr ausklingen zu lassen.<\/p>\n<p>Mir pers\u00f6nlich hat es gro\u00dfen Spa\u00df gemacht, die Hunde und deren F\u00fchrer unserer J\u00e4gerschaft bei der Arbeit zu begleiten. Und trotz, dass ich selbst einen Hund f\u00fchre, entdecke ich immer wieder viele Kleinigkeiten, die mir selbst im Jagdalltag n\u00fctzlich sind.<\/p>\n<p>Vielen Dank an alle, dies es m\u00f6glich gemacht haben, diesen Tag durchzuf\u00fchren. Ob Kaffee am Morgen, getretene F\u00e4hrten am Vortag oder Gulasch am Mittag - es braucht viele H\u00e4nde, die solche Tage zum Erfolg werden lassen. Besonderer Dank gilt Reinhard Kunze und Thomas G\u00e4nsicke, die einige Stunden und Kilometer im Vorfeld mit mir gemeinsam geopfert haben, um den \"jagdlichen Teil\" stimmig werden zu lassen.&nbsp;<\/p>\n<p>Und wenn ich dann doch noch einen Wermutstropfen nach so einem Tag finde - dann ist es der, dass ich mit leichtem Unglauben und etwas Verwunderung zur\u00fcckbleibe, dass von \u00fcber 200 Mitgliedern, nur 2 H\u00e4nde voll Hundef\u00fchrer und genau so viele Beobachter den Mut und die Zeit aufbringen, an einem solchen Tag dabei zu sein. Schade - ihr habt was verpasst! Lauscher spitzen und auf den n\u00e4chsten Termin im Kalender gro\u00df schreiben!<\/p>\n<p><\/p>\n<p>Weidmannsheil<\/p>\n<p>Andreas Guthe<\/p>\n<p><\/p>\n\n\n<figure class=\"wp-container-2 wp-block-gallery-1 wp-block-gallery has-nested-images columns-1\">\n<figure class=\"wp-block-image size-full\"><a href=\"https:\/\/www.kjs-bitterfeld.de\/wp-content\/uploads\/2022\/05\/Hundevergleich-13.jpeg\"><img loading=\"lazy\" width=\"2048\" height=\"1536\" data-id=\"1233\"  src=\"https:\/\/www.kjs-bitterfeld.de\/wp-content\/uploads\/2022\/05\/Hundevergleich-13.jpeg\" alt=\"\" class=\"wp-image-1233\" srcset=\"https:\/\/www.kjs-bitterfeld.de\/wp-content\/uploads\/2022\/05\/Hundevergleich-13.jpeg 2048w, https:\/\/www.kjs-bitterfeld.de\/wp-content\/uploads\/2022\/05\/Hundevergleich-13-300x225.jpeg 300w, https:\/\/www.kjs-bitterfeld.de\/wp-content\/uploads\/2022\/05\/Hundevergleich-13-1024x768.jpeg 1024w, https:\/\/www.kjs-bitterfeld.de\/wp-content\/uploads\/2022\/05\/Hundevergleich-13-768x576.jpeg 768w, https:\/\/www.kjs-bitterfeld.de\/wp-content\/uploads\/2022\/05\/Hundevergleich-13-600x450.jpeg 600w, https:\/\/www.kjs-bitterfeld.de\/wp-content\/uploads\/2022\/05\/Hundevergleich-13-1536x1152.jpeg 1536w, https:\/\/www.kjs-bitterfeld.de\/wp-content\/uploads\/2022\/05\/Hundevergleich-13-960x720.jpeg 960w\" sizes=\"(max-width: 2048px) 100vw, 2048px\" \/><\/a><figcaption>Die Jagdhornbl\u00e4ser der J\u00e4gerschaft Bitterfeld mit 2 \"Gastbl\u00e4sern\"<\/figcaption><\/figure>\n\n\n\n<figure class=\"wp-block-image size-full\"><a href=\"https:\/\/www.kjs-bitterfeld.de\/wp-content\/uploads\/2022\/05\/Hundevergleich-2-scaled.jpeg\"><img loading=\"lazy\" width=\"2560\" height=\"1440\" data-id=\"1244\"  src=\"https:\/\/www.kjs-bitterfeld.de\/wp-content\/uploads\/2022\/05\/Hundevergleich-2-scaled.jpeg\" alt=\"\" class=\"wp-image-1244\" srcset=\"https:\/\/www.kjs-bitterfeld.de\/wp-content\/uploads\/2022\/05\/Hundevergleich-2-scaled.jpeg 2560w, https:\/\/www.kjs-bitterfeld.de\/wp-content\/uploads\/2022\/05\/Hundevergleich-2-300x169.jpeg 300w, https:\/\/www.kjs-bitterfeld.de\/wp-content\/uploads\/2022\/05\/Hundevergleich-2-1024x576.jpeg 1024w, https:\/\/www.kjs-bitterfeld.de\/wp-content\/uploads\/2022\/05\/Hundevergleich-2-768x432.jpeg 768w, https:\/\/www.kjs-bitterfeld.de\/wp-content\/uploads\/2022\/05\/Hundevergleich-2-600x338.jpeg 600w, https:\/\/www.kjs-bitterfeld.de\/wp-content\/uploads\/2022\/05\/Hundevergleich-2-1536x864.jpeg 1536w, https:\/\/www.kjs-bitterfeld.de\/wp-content\/uploads\/2022\/05\/Hundevergleich-2-2048x1152.jpeg 2048w, https:\/\/www.kjs-bitterfeld.de\/wp-content\/uploads\/2022\/05\/Hundevergleich-2-960x540.jpeg 960w\" sizes=\"(max-width: 2560px) 100vw, 2560px\" \/><\/a><figcaption>Gehorsam und Leinenf\u00fchrigkeit - Das A und O der Hundeschule!<\/figcaption><\/figure>\n\n\n\n<figure class=\"wp-block-image size-full\"><a href=\"https:\/\/www.kjs-bitterfeld.de\/wp-content\/uploads\/2022\/05\/Hundevergleich-1-scaled.jpeg\"><img loading=\"lazy\" width=\"2560\" height=\"1440\" data-id=\"1245\"  src=\"https:\/\/www.kjs-bitterfeld.de\/wp-content\/uploads\/2022\/05\/Hundevergleich-1-scaled.jpeg\" alt=\"\" class=\"wp-image-1245\" srcset=\"https:\/\/www.kjs-bitterfeld.de\/wp-content\/uploads\/2022\/05\/Hundevergleich-1-scaled.jpeg 2560w, https:\/\/www.kjs-bitterfeld.de\/wp-content\/uploads\/2022\/05\/Hundevergleich-1-300x169.jpeg 300w, https:\/\/www.kjs-bitterfeld.de\/wp-content\/uploads\/2022\/05\/Hundevergleich-1-1024x576.jpeg 1024w, https:\/\/www.kjs-bitterfeld.de\/wp-content\/uploads\/2022\/05\/Hundevergleich-1-768x432.jpeg 768w, https:\/\/www.kjs-bitterfeld.de\/wp-content\/uploads\/2022\/05\/Hundevergleich-1-600x338.jpeg 600w, https:\/\/www.kjs-bitterfeld.de\/wp-content\/uploads\/2022\/05\/Hundevergleich-1-1536x864.jpeg 1536w, https:\/\/www.kjs-bitterfeld.de\/wp-content\/uploads\/2022\/05\/Hundevergleich-1-2048x1152.jpeg 2048w, https:\/\/www.kjs-bitterfeld.de\/wp-content\/uploads\/2022\/05\/Hundevergleich-1-960x540.jpeg 960w\" sizes=\"(max-width: 2560px) 100vw, 2560px\" \/><\/a><figcaption>Hier war Geduld gleich zu Beginn gefragt - die Leinenf\u00fchrigkeit am Spalier vorbei<\/figcaption><\/figure>\n\n\n\n<figure class=\"wp-block-image size-full\"><a href=\"https:\/\/www.kjs-bitterfeld.de\/wp-content\/uploads\/2022\/05\/Hundevergleich-3-scaled.jpeg\"><img loading=\"lazy\" width=\"2560\" height=\"1440\" data-id=\"1243\"  src=\"https:\/\/www.kjs-bitterfeld.de\/wp-content\/uploads\/2022\/05\/Hundevergleich-3-scaled.jpeg\" alt=\"\" class=\"wp-image-1243\" srcset=\"https:\/\/www.kjs-bitterfeld.de\/wp-content\/uploads\/2022\/05\/Hundevergleich-3-scaled.jpeg 2560w, https:\/\/www.kjs-bitterfeld.de\/wp-content\/uploads\/2022\/05\/Hundevergleich-3-300x169.jpeg 300w, https:\/\/www.kjs-bitterfeld.de\/wp-content\/uploads\/2022\/05\/Hundevergleich-3-1024x576.jpeg 1024w, https:\/\/www.kjs-bitterfeld.de\/wp-content\/uploads\/2022\/05\/Hundevergleich-3-768x432.jpeg 768w, https:\/\/www.kjs-bitterfeld.de\/wp-content\/uploads\/2022\/05\/Hundevergleich-3-600x338.jpeg 600w, https:\/\/www.kjs-bitterfeld.de\/wp-content\/uploads\/2022\/05\/Hundevergleich-3-1536x864.jpeg 1536w, https:\/\/www.kjs-bitterfeld.de\/wp-content\/uploads\/2022\/05\/Hundevergleich-3-2048x1152.jpeg 2048w, https:\/\/www.kjs-bitterfeld.de\/wp-content\/uploads\/2022\/05\/Hundevergleich-3-960x540.jpeg 960w\" sizes=\"(max-width: 2560px) 100vw, 2560px\" \/><\/a><figcaption>Instruktionen und Erkl\u00e4rungen Thomas G\u00e4nsicke<\/figcaption><\/figure>\n\n\n\n<figure class=\"wp-block-image size-full\"><a href=\"https:\/\/www.kjs-bitterfeld.de\/wp-content\/uploads\/2022\/05\/Hundevergleich-5-scaled.jpeg\"><img loading=\"lazy\" width=\"2560\" height=\"1920\" data-id=\"1241\"  src=\"https:\/\/www.kjs-bitterfeld.de\/wp-content\/uploads\/2022\/05\/Hundevergleich-5-scaled.jpeg\" alt=\"\" class=\"wp-image-1241\" srcset=\"https:\/\/www.kjs-bitterfeld.de\/wp-content\/uploads\/2022\/05\/Hundevergleich-5-scaled.jpeg 2560w, https:\/\/www.kjs-bitterfeld.de\/wp-content\/uploads\/2022\/05\/Hundevergleich-5-300x225.jpeg 300w, https:\/\/www.kjs-bitterfeld.de\/wp-content\/uploads\/2022\/05\/Hundevergleich-5-1024x768.jpeg 1024w, https:\/\/www.kjs-bitterfeld.de\/wp-content\/uploads\/2022\/05\/Hundevergleich-5-768x576.jpeg 768w, https:\/\/www.kjs-bitterfeld.de\/wp-content\/uploads\/2022\/05\/Hundevergleich-5-600x450.jpeg 600w, https:\/\/www.kjs-bitterfeld.de\/wp-content\/uploads\/2022\/05\/Hundevergleich-5-1536x1152.jpeg 1536w, https:\/\/www.kjs-bitterfeld.de\/wp-content\/uploads\/2022\/05\/Hundevergleich-5-2048x1536.jpeg 2048w, https:\/\/www.kjs-bitterfeld.de\/wp-content\/uploads\/2022\/05\/Hundevergleich-5-960x720.jpeg 960w\" sizes=\"(max-width: 2560px) 100vw, 2560px\" \/><\/a><figcaption>\"Bella\" und Dr. Steffen Fischer auf einer Ihrer ersten Suchen!<\/figcaption><\/figure>\n\n\n\n<figure class=\"wp-block-image size-full\"><a href=\"https:\/\/www.kjs-bitterfeld.de\/wp-content\/uploads\/2022\/05\/Hundevergleich-4-scaled.jpeg\"><img loading=\"lazy\" width=\"2560\" height=\"1920\" data-id=\"1242\"  src=\"https:\/\/www.kjs-bitterfeld.de\/wp-content\/uploads\/2022\/05\/Hundevergleich-4-scaled.jpeg\" alt=\"\" class=\"wp-image-1242\" srcset=\"https:\/\/www.kjs-bitterfeld.de\/wp-content\/uploads\/2022\/05\/Hundevergleich-4-scaled.jpeg 2560w, https:\/\/www.kjs-bitterfeld.de\/wp-content\/uploads\/2022\/05\/Hundevergleich-4-300x225.jpeg 300w, https:\/\/www.kjs-bitterfeld.de\/wp-content\/uploads\/2022\/05\/Hundevergleich-4-1024x768.jpeg 1024w, https:\/\/www.kjs-bitterfeld.de\/wp-content\/uploads\/2022\/05\/Hundevergleich-4-768x576.jpeg 768w, https:\/\/www.kjs-bitterfeld.de\/wp-content\/uploads\/2022\/05\/Hundevergleich-4-600x450.jpeg 600w, https:\/\/www.kjs-bitterfeld.de\/wp-content\/uploads\/2022\/05\/Hundevergleich-4-1536x1152.jpeg 1536w, https:\/\/www.kjs-bitterfeld.de\/wp-content\/uploads\/2022\/05\/Hundevergleich-4-2048x1536.jpeg 2048w, https:\/\/www.kjs-bitterfeld.de\/wp-content\/uploads\/2022\/05\/Hundevergleich-4-960x720.jpeg 960w\" sizes=\"(max-width: 2560px) 100vw, 2560px\" \/><\/a><figcaption>Dr. Steffen Fischer und \"Attila\" bei der Riemenarbeit unter dem wachsamen Auge von Thomas G\u00e4nsicke <\/figcaption><\/figure>\n\n\n\n<figure class=\"wp-block-image size-full\"><a href=\"https:\/\/www.kjs-bitterfeld.de\/wp-content\/uploads\/2022\/05\/Hundevergleich22-4.jpeg\"><img loading=\"lazy\" width=\"1200\" height=\"1600\" data-id=\"1246\"  src=\"https:\/\/www.kjs-bitterfeld.de\/wp-content\/uploads\/2022\/05\/Hundevergleich22-4.jpeg\" alt=\"\" class=\"wp-image-1246\" srcset=\"https:\/\/www.kjs-bitterfeld.de\/wp-content\/uploads\/2022\/05\/Hundevergleich22-4.jpeg 1200w, https:\/\/www.kjs-bitterfeld.de\/wp-content\/uploads\/2022\/05\/Hundevergleich22-4-225x300.jpeg 225w, https:\/\/www.kjs-bitterfeld.de\/wp-content\/uploads\/2022\/05\/Hundevergleich22-4-768x1024.jpeg 768w, https:\/\/www.kjs-bitterfeld.de\/wp-content\/uploads\/2022\/05\/Hundevergleich22-4-600x800.jpeg 600w, https:\/\/www.kjs-bitterfeld.de\/wp-content\/uploads\/2022\/05\/Hundevergleich22-4-1152x1536.jpeg 1152w, https:\/\/www.kjs-bitterfeld.de\/wp-content\/uploads\/2022\/05\/Hundevergleich22-4-960x1280.jpeg 960w\" sizes=\"(max-width: 1200px) 100vw, 1200px\" \/><\/a><figcaption>Lange Wege m\u00fcssen bei solchen Veranstaltungen auch einmal \"unb\u00fcrokratisch\" \u00fcberwunden werden<\/figcaption><\/figure>\n\n\n\n<figure class=\"wp-block-image size-full\"><a href=\"https:\/\/www.kjs-bitterfeld.de\/wp-content\/uploads\/2022\/05\/Hundevergleich-10-1-scaled.jpeg\"><img loading=\"lazy\" width=\"2560\" height=\"1440\" data-id=\"1250\"  src=\"https:\/\/www.kjs-bitterfeld.de\/wp-content\/uploads\/2022\/05\/Hundevergleich-10-1-scaled.jpeg\" alt=\"\" class=\"wp-image-1250\" srcset=\"https:\/\/www.kjs-bitterfeld.de\/wp-content\/uploads\/2022\/05\/Hundevergleich-10-1-scaled.jpeg 2560w, https:\/\/www.kjs-bitterfeld.de\/wp-content\/uploads\/2022\/05\/Hundevergleich-10-1-300x169.jpeg 300w, https:\/\/www.kjs-bitterfeld.de\/wp-content\/uploads\/2022\/05\/Hundevergleich-10-1-1024x576.jpeg 1024w, https:\/\/www.kjs-bitterfeld.de\/wp-content\/uploads\/2022\/05\/Hundevergleich-10-1-768x432.jpeg 768w, https:\/\/www.kjs-bitterfeld.de\/wp-content\/uploads\/2022\/05\/Hundevergleich-10-1-600x338.jpeg 600w, https:\/\/www.kjs-bitterfeld.de\/wp-content\/uploads\/2022\/05\/Hundevergleich-10-1-1536x864.jpeg 1536w, https:\/\/www.kjs-bitterfeld.de\/wp-content\/uploads\/2022\/05\/Hundevergleich-10-1-2048x1152.jpeg 2048w, https:\/\/www.kjs-bitterfeld.de\/wp-content\/uploads\/2022\/05\/Hundevergleich-10-1-960x540.jpeg 960w\" sizes=\"(max-width: 2560px) 100vw, 2560px\" \/><\/a><figcaption>Sch\u00fcsseltreiben nach geleisteter Arbeit<\/figcaption><\/figure>\n\n\n\n<figure class=\"wp-block-image size-full\"><a href=\"https:\/\/www.kjs-bitterfeld.de\/wp-content\/uploads\/2022\/05\/Hundevergleich22-1.jpeg\"><img loading=\"lazy\" width=\"1200\" height=\"1600\" data-id=\"1249\"  src=\"https:\/\/www.kjs-bitterfeld.de\/wp-content\/uploads\/2022\/05\/Hundevergleich22-1.jpeg\" alt=\"\" class=\"wp-image-1249\" srcset=\"https:\/\/www.kjs-bitterfeld.de\/wp-content\/uploads\/2022\/05\/Hundevergleich22-1.jpeg 1200w, https:\/\/www.kjs-bitterfeld.de\/wp-content\/uploads\/2022\/05\/Hundevergleich22-1-225x300.jpeg 225w, https:\/\/www.kjs-bitterfeld.de\/wp-content\/uploads\/2022\/05\/Hundevergleich22-1-768x1024.jpeg 768w, https:\/\/www.kjs-bitterfeld.de\/wp-content\/uploads\/2022\/05\/Hundevergleich22-1-600x800.jpeg 600w, https:\/\/www.kjs-bitterfeld.de\/wp-content\/uploads\/2022\/05\/Hundevergleich22-1-1152x1536.jpeg 1152w, https:\/\/www.kjs-bitterfeld.de\/wp-content\/uploads\/2022\/05\/Hundevergleich22-1-960x1280.jpeg 960w\" sizes=\"(max-width: 1200px) 100vw, 1200px\" \/><\/a><\/figure>\n\n\n\n<figure class=\"wp-block-image size-full\"><a href=\"https:\/\/www.kjs-bitterfeld.de\/wp-content\/uploads\/2022\/05\/Hundevergleich22-2.jpeg\"><img loading=\"lazy\" width=\"1200\" height=\"1600\" data-id=\"1248\"  src=\"https:\/\/www.kjs-bitterfeld.de\/wp-content\/uploads\/2022\/05\/Hundevergleich22-2.jpeg\" alt=\"\" class=\"wp-image-1248\" srcset=\"https:\/\/www.kjs-bitterfeld.de\/wp-content\/uploads\/2022\/05\/Hundevergleich22-2.jpeg 1200w, https:\/\/www.kjs-bitterfeld.de\/wp-content\/uploads\/2022\/05\/Hundevergleich22-2-225x300.jpeg 225w, https:\/\/www.kjs-bitterfeld.de\/wp-content\/uploads\/2022\/05\/Hundevergleich22-2-768x1024.jpeg 768w, https:\/\/www.kjs-bitterfeld.de\/wp-content\/uploads\/2022\/05\/Hundevergleich22-2-600x800.jpeg 600w, https:\/\/www.kjs-bitterfeld.de\/wp-content\/uploads\/2022\/05\/Hundevergleich22-2-1152x1536.jpeg 1152w, https:\/\/www.kjs-bitterfeld.de\/wp-content\/uploads\/2022\/05\/Hundevergleich22-2-960x1280.jpeg 960w\" sizes=\"(max-width: 1200px) 100vw, 1200px\" \/><\/a><figcaption>\"Lumpi\" und Dackelwelpe \"Moritz\"<\/figcaption><\/figure>\n\n\n\n<figure class=\"wp-block-image size-full\"><a href=\"https:\/\/www.kjs-bitterfeld.de\/wp-content\/uploads\/2022\/05\/Hundevergleich22-3.jpeg\"><img loading=\"lazy\" width=\"1600\" height=\"1200\" data-id=\"1247\"  src=\"https:\/\/www.kjs-bitterfeld.de\/wp-content\/uploads\/2022\/05\/Hundevergleich22-3.jpeg\" alt=\"\" class=\"wp-image-1247\" srcset=\"https:\/\/www.kjs-bitterfeld.de\/wp-content\/uploads\/2022\/05\/Hundevergleich22-3.jpeg 1600w, https:\/\/www.kjs-bitterfeld.de\/wp-content\/uploads\/2022\/05\/Hundevergleich22-3-300x225.jpeg 300w, https:\/\/www.kjs-bitterfeld.de\/wp-content\/uploads\/2022\/05\/Hundevergleich22-3-1024x768.jpeg 1024w, https:\/\/www.kjs-bitterfeld.de\/wp-content\/uploads\/2022\/05\/Hundevergleich22-3-768x576.jpeg 768w, https:\/\/www.kjs-bitterfeld.de\/wp-content\/uploads\/2022\/05\/Hundevergleich22-3-600x450.jpeg 600w, https:\/\/www.kjs-bitterfeld.de\/wp-content\/uploads\/2022\/05\/Hundevergleich22-3-1536x1152.jpeg 1536w, https:\/\/www.kjs-bitterfeld.de\/wp-content\/uploads\/2022\/05\/Hundevergleich22-3-960x720.jpeg 960w\" sizes=\"(max-width: 1600px) 100vw, 1600px\" \/><\/a><\/figure>\n\n\n\n<figure class=\"wp-block-image size-full\"><a href=\"https:\/\/www.kjs-bitterfeld.de\/wp-content\/uploads\/2022\/05\/Hundevergleich-8-scaled.jpeg\"><img loading=\"lazy\" width=\"1920\" height=\"2560\" data-id=\"1238\"  src=\"https:\/\/www.kjs-bitterfeld.de\/wp-content\/uploads\/2022\/05\/Hundevergleich-8-scaled.jpeg\" alt=\"\" class=\"wp-image-1238\" srcset=\"https:\/\/www.kjs-bitterfeld.de\/wp-content\/uploads\/2022\/05\/Hundevergleich-8-scaled.jpeg 1920w, https:\/\/www.kjs-bitterfeld.de\/wp-content\/uploads\/2022\/05\/Hundevergleich-8-225x300.jpeg 225w, https:\/\/www.kjs-bitterfeld.de\/wp-content\/uploads\/2022\/05\/Hundevergleich-8-768x1024.jpeg 768w, https:\/\/www.kjs-bitterfeld.de\/wp-content\/uploads\/2022\/05\/Hundevergleich-8-600x800.jpeg 600w, https:\/\/www.kjs-bitterfeld.de\/wp-content\/uploads\/2022\/05\/Hundevergleich-8-1152x1536.jpeg 1152w, https:\/\/www.kjs-bitterfeld.de\/wp-content\/uploads\/2022\/05\/Hundevergleich-8-1536x2048.jpeg 1536w, https:\/\/www.kjs-bitterfeld.de\/wp-content\/uploads\/2022\/05\/Hundevergleich-8-960x1280.jpeg 960w\" sizes=\"(max-width: 1920px) 100vw, 1920px\" \/><\/a><figcaption>Dominik H\u00e4nsch mit \"Alf\" bei der Haarwildschleppe<\/figcaption><\/figure>\n\n\n\n<figure class=\"wp-block-image size-full\"><a href=\"https:\/\/www.kjs-bitterfeld.de\/wp-content\/uploads\/2022\/05\/Hundevergleich-7-scaled.jpeg\"><img loading=\"lazy\" width=\"2560\" height=\"1920\" data-id=\"1239\"  src=\"https:\/\/www.kjs-bitterfeld.de\/wp-content\/uploads\/2022\/05\/Hundevergleich-7-scaled.jpeg\" alt=\"\" class=\"wp-image-1239\" srcset=\"https:\/\/www.kjs-bitterfeld.de\/wp-content\/uploads\/2022\/05\/Hundevergleich-7-scaled.jpeg 2560w, https:\/\/www.kjs-bitterfeld.de\/wp-content\/uploads\/2022\/05\/Hundevergleich-7-300x225.jpeg 300w, https:\/\/www.kjs-bitterfeld.de\/wp-content\/uploads\/2022\/05\/Hundevergleich-7-1024x768.jpeg 1024w, https:\/\/www.kjs-bitterfeld.de\/wp-content\/uploads\/2022\/05\/Hundevergleich-7-768x576.jpeg 768w, https:\/\/www.kjs-bitterfeld.de\/wp-content\/uploads\/2022\/05\/Hundevergleich-7-600x450.jpeg 600w, https:\/\/www.kjs-bitterfeld.de\/wp-content\/uploads\/2022\/05\/Hundevergleich-7-1536x1152.jpeg 1536w, https:\/\/www.kjs-bitterfeld.de\/wp-content\/uploads\/2022\/05\/Hundevergleich-7-2048x1536.jpeg 2048w, https:\/\/www.kjs-bitterfeld.de\/wp-content\/uploads\/2022\/05\/Hundevergleich-7-960x720.jpeg 960w\" sizes=\"(max-width: 2560px) 100vw, 2560px\" \/><\/a><figcaption>Reinhard Kunze beim Anlegen der Haarwildschleppe<\/figcaption><\/figure>\n\n\n\n<figure class=\"wp-block-image size-full\"><a href=\"https:\/\/www.kjs-bitterfeld.de\/wp-content\/uploads\/2022\/05\/Hundevergleich-6-scaled.jpeg\"><img loading=\"lazy\" width=\"2560\" height=\"1920\" data-id=\"1240\"  src=\"https:\/\/www.kjs-bitterfeld.de\/wp-content\/uploads\/2022\/05\/Hundevergleich-6-scaled.jpeg\" alt=\"\" class=\"wp-image-1240\" srcset=\"https:\/\/www.kjs-bitterfeld.de\/wp-content\/uploads\/2022\/05\/Hundevergleich-6-scaled.jpeg 2560w, https:\/\/www.kjs-bitterfeld.de\/wp-content\/uploads\/2022\/05\/Hundevergleich-6-300x225.jpeg 300w, https:\/\/www.kjs-bitterfeld.de\/wp-content\/uploads\/2022\/05\/Hundevergleich-6-1024x768.jpeg 1024w, https:\/\/www.kjs-bitterfeld.de\/wp-content\/uploads\/2022\/05\/Hundevergleich-6-768x576.jpeg 768w, https:\/\/www.kjs-bitterfeld.de\/wp-content\/uploads\/2022\/05\/Hundevergleich-6-600x450.jpeg 600w, https:\/\/www.kjs-bitterfeld.de\/wp-content\/uploads\/2022\/05\/Hundevergleich-6-1536x1152.jpeg 1536w, https:\/\/www.kjs-bitterfeld.de\/wp-content\/uploads\/2022\/05\/Hundevergleich-6-2048x1536.jpeg 2048w, https:\/\/www.kjs-bitterfeld.de\/wp-content\/uploads\/2022\/05\/Hundevergleich-6-960x720.jpeg 960w\" sizes=\"(max-width: 2560px) 100vw, 2560px\" \/><\/a><figcaption>Rober Schmidt mit \"Inka\" nach der erfolgreichen Suche<\/figcaption><\/figure>\n\n\n\n<figure class=\"wp-block-image size-full\"><a href=\"https:\/\/www.kjs-bitterfeld.de\/wp-content\/uploads\/2022\/05\/Hundevergleich-12.jpeg\"><img loading=\"lazy\" width=\"1600\" height=\"1200\" data-id=\"1234\"  src=\"https:\/\/www.kjs-bitterfeld.de\/wp-content\/uploads\/2022\/05\/Hundevergleich-12.jpeg\" alt=\"\" class=\"wp-image-1234\" srcset=\"https:\/\/www.kjs-bitterfeld.de\/wp-content\/uploads\/2022\/05\/Hundevergleich-12.jpeg 1600w, https:\/\/www.kjs-bitterfeld.de\/wp-content\/uploads\/2022\/05\/Hundevergleich-12-300x225.jpeg 300w, https:\/\/www.kjs-bitterfeld.de\/wp-content\/uploads\/2022\/05\/Hundevergleich-12-1024x768.jpeg 1024w, https:\/\/www.kjs-bitterfeld.de\/wp-content\/uploads\/2022\/05\/Hundevergleich-12-768x576.jpeg 768w, https:\/\/www.kjs-bitterfeld.de\/wp-content\/uploads\/2022\/05\/Hundevergleich-12-600x450.jpeg 600w, https:\/\/www.kjs-bitterfeld.de\/wp-content\/uploads\/2022\/05\/Hundevergleich-12-1536x1152.jpeg 1536w, https:\/\/www.kjs-bitterfeld.de\/wp-content\/uploads\/2022\/05\/Hundevergleich-12-960x720.jpeg 960w\" sizes=\"(max-width: 1600px) 100vw, 1600px\" \/><\/a><\/figure>\n\n\n\n<figure class=\"wp-block-image size-full\"><a href=\"https:\/\/www.kjs-bitterfeld.de\/wp-content\/uploads\/2022\/05\/Hundevergleich-11.jpeg\"><img loading=\"lazy\" width=\"1536\" height=\"2048\" data-id=\"1235\"  src=\"https:\/\/www.kjs-bitterfeld.de\/wp-content\/uploads\/2022\/05\/Hundevergleich-11.jpeg\" alt=\"\" class=\"wp-image-1235\" srcset=\"https:\/\/www.kjs-bitterfeld.de\/wp-content\/uploads\/2022\/05\/Hundevergleich-11.jpeg 1536w, https:\/\/www.kjs-bitterfeld.de\/wp-content\/uploads\/2022\/05\/Hundevergleich-11-225x300.jpeg 225w, https:\/\/www.kjs-bitterfeld.de\/wp-content\/uploads\/2022\/05\/Hundevergleich-11-768x1024.jpeg 768w, https:\/\/www.kjs-bitterfeld.de\/wp-content\/uploads\/2022\/05\/Hundevergleich-11-600x800.jpeg 600w, https:\/\/www.kjs-bitterfeld.de\/wp-content\/uploads\/2022\/05\/Hundevergleich-11-1152x1536.jpeg 1152w, https:\/\/www.kjs-bitterfeld.de\/wp-content\/uploads\/2022\/05\/Hundevergleich-11-960x1280.jpeg 960w\" sizes=\"(max-width: 1536px) 100vw, 1536px\" \/><\/a><figcaption>\"Alf\" bei der Wasserarbeit<\/figcaption><\/figure>\n\n\n\n<figure class=\"wp-block-image size-full\"><a href=\"https:\/\/www.kjs-bitterfeld.de\/wp-content\/uploads\/2022\/05\/Hundevergleich-10-scaled.jpeg\"><img loading=\"lazy\" width=\"2560\" height=\"1440\" data-id=\"1236\"  src=\"https:\/\/www.kjs-bitterfeld.de\/wp-content\/uploads\/2022\/05\/Hundevergleich-10-scaled.jpeg\" alt=\"\" class=\"wp-image-1236\" srcset=\"https:\/\/www.kjs-bitterfeld.de\/wp-content\/uploads\/2022\/05\/Hundevergleich-10-scaled.jpeg 2560w, https:\/\/www.kjs-bitterfeld.de\/wp-content\/uploads\/2022\/05\/Hundevergleich-10-300x169.jpeg 300w, https:\/\/www.kjs-bitterfeld.de\/wp-content\/uploads\/2022\/05\/Hundevergleich-10-1024x576.jpeg 1024w, https:\/\/www.kjs-bitterfeld.de\/wp-content\/uploads\/2022\/05\/Hundevergleich-10-768x432.jpeg 768w, https:\/\/www.kjs-bitterfeld.de\/wp-content\/uploads\/2022\/05\/Hundevergleich-10-600x338.jpeg 600w, https:\/\/www.kjs-bitterfeld.de\/wp-content\/uploads\/2022\/05\/Hundevergleich-10-1536x864.jpeg 1536w, https:\/\/www.kjs-bitterfeld.de\/wp-content\/uploads\/2022\/05\/Hundevergleich-10-2048x1152.jpeg 2048w, https:\/\/www.kjs-bitterfeld.de\/wp-content\/uploads\/2022\/05\/Hundevergleich-10-960x540.jpeg 960w\" sizes=\"(max-width: 2560px) 100vw, 2560px\" \/><\/a><\/figure>\n\n\n\n<figure class=\"wp-block-image size-full\"><a href=\"https:\/\/www.kjs-bitterfeld.de\/wp-content\/uploads\/2022\/05\/Hundevergleich-9-scaled.jpeg\"><img loading=\"lazy\" width=\"1920\" height=\"2560\" data-id=\"1237\"  src=\"https:\/\/www.kjs-bitterfeld.de\/wp-content\/uploads\/2022\/05\/Hundevergleich-9-scaled.jpeg\" alt=\"\" class=\"wp-image-1237\" srcset=\"https:\/\/www.kjs-bitterfeld.de\/wp-content\/uploads\/2022\/05\/Hundevergleich-9-scaled.jpeg 1920w, https:\/\/www.kjs-bitterfeld.de\/wp-content\/uploads\/2022\/05\/Hundevergleich-9-225x300.jpeg 225w, https:\/\/www.kjs-bitterfeld.de\/wp-content\/uploads\/2022\/05\/Hundevergleich-9-768x1024.jpeg 768w, https:\/\/www.kjs-bitterfeld.de\/wp-content\/uploads\/2022\/05\/Hundevergleich-9-600x800.jpeg 600w, https:\/\/www.kjs-bitterfeld.de\/wp-content\/uploads\/2022\/05\/Hundevergleich-9-1152x1536.jpeg 1152w, https:\/\/www.kjs-bitterfeld.de\/wp-content\/uploads\/2022\/05\/Hundevergleich-9-1536x2048.jpeg 1536w, https:\/\/www.kjs-bitterfeld.de\/wp-content\/uploads\/2022\/05\/Hundevergleich-9-960x1280.jpeg 960w\" sizes=\"(max-width: 1920px) 100vw, 1920px\" \/><\/a><figcaption>D. H\u00e4nsch und \"Alf\" nach erfolgreicher Arbeit<\/figcaption><\/figure>\n\n\n\n<figure class=\"wp-block-image size-full\"><a href=\"https:\/\/www.kjs-bitterfeld.de\/wp-content\/uploads\/2022\/05\/Hundevergleich223-1-scaled.jpeg\"><img loading=\"lazy\" width=\"1440\" height=\"2560\" data-id=\"1251\"  src=\"https:\/\/www.kjs-bitterfeld.de\/wp-content\/uploads\/2022\/05\/Hundevergleich223-1-scaled.jpeg\" alt=\"\" class=\"wp-image-1251\" srcset=\"https:\/\/www.kjs-bitterfeld.de\/wp-content\/uploads\/2022\/05\/Hundevergleich223-1-scaled.jpeg 1440w, https:\/\/www.kjs-bitterfeld.de\/wp-content\/uploads\/2022\/05\/Hundevergleich223-1-169x300.jpeg 169w, https:\/\/www.kjs-bitterfeld.de\/wp-content\/uploads\/2022\/05\/Hundevergleich223-1-576x1024.jpeg 576w, https:\/\/www.kjs-bitterfeld.de\/wp-content\/uploads\/2022\/05\/Hundevergleich223-1-768x1365.jpeg 768w, https:\/\/www.kjs-bitterfeld.de\/wp-content\/uploads\/2022\/05\/Hundevergleich223-1-600x1067.jpeg 600w, https:\/\/www.kjs-bitterfeld.de\/wp-content\/uploads\/2022\/05\/Hundevergleich223-1-864x1536.jpeg 864w, https:\/\/www.kjs-bitterfeld.de\/wp-content\/uploads\/2022\/05\/Hundevergleich223-1-1152x2048.jpeg 1152w, https:\/\/www.kjs-bitterfeld.de\/wp-content\/uploads\/2022\/05\/Hundevergleich223-1-960x1707.jpeg 960w\" sizes=\"(max-width: 1440px) 100vw, 1440px\" \/><\/a><\/figure>\n<\/figure>\n\n\n<hr>\n<hr>\n<h3><strong>Jagdhundevergleich 2022<\/strong><\/h3>\n<p><strong><em>\u201eJagd ohne Hund ist Schund\u201c<\/em><\/strong> sagt ein Sprichwort.<\/p>\n<p>Vor- und auch nach dem Schuss \u00fcbernehmen unsere vierbeinigen Gef\u00e4hrten f\u00fcr uns im Jagdalltag wichtige Aufgaben. Ob St\u00f6bern, Bauarbeit, Apportieren oder die Arbeit am Riemen \u2013 ohne unsere Hunde w\u00e4ren wir so manches mal \u201eaufgeschmissen\u201c.<\/p>\n<p><\/p>\n<p>Um diese Arbeit unserer Hunde zu pr\u00e4sentieren und uns gleichzeitig in einem mit Spa\u00df erf\u00fcllten Vergleich etwas zu messen, veranstalten wir einen Hundevergleich am<\/p>\n<p><\/p>\n<p><strong>21.05.2022 ab 8.00 Uhr (geplant bis ca. 15\/16.00 Uhr; wahrscheinlich etwas eher) in R\u00f6sa\/Br\u00f6sa (Gemeinde Muldestausee)<\/strong><\/p>\n<p><strong>Treffpunkt um 8.00 Uhr in Br\u00f6sa, Alte Dorfstr. 12, 06774 Muldestausee<\/strong><\/p>\n<p>Google Maps Link:<\/p>\n<p>https:\/\/goo.gl\/maps\/vgz4umyhfyQor2dm7<\/p>\n<p>(einfach den Link in die Adresszeile des Browsers kopieren)<\/p>\n<p><\/p>\n<p>Wir werden sowohl Disziplinen, wie die Wasserarbeit und Feldschleppe, als auch die Schwei\u00dfarbeit, sowie Gehorsam und F\u00fchrigkeit bereithalten. Es winken ein paar Sachpreise, eine Bratwurst und ein paar gute Gespr\u00e4che unter Waidm\u00e4nnern, also traut euch, diesen Tag mit uns zu verbringen.<\/p>\n<p><\/p>\n<p>Ihr k\u00f6nnt euch bis zum 12.05.2022 verbindlich anmelden. <strong>(Stand 16.05.2022: Die derzeitig gemeldete Teilnehmerzahl l\u00e4sst auch noch 1-2 spontane M\u00f6glichkeiten zu, mit dem Hund teilzunehmen)<\/strong><\/p>\n<p>Die Teilnehmerzahl ist durch den relativ hohen Aufwand begrenzt. Sollten die Pl\u00e4tze bereits belegt sein, finden wir auch M\u00f6glichkeiten, wie Ihr teilnehmen k\u00f6nnt. Auch \u201ehundelose\u201c Besucher oder Jungj\u00e4ger sollten diese M\u00f6glichkeit wahrnehmen, die spannende Hundearbeit kennen- und respektieren zu lernen<\/p>\n<p><\/p>\n<p>Ich freue mich auf eure Anmeldungen!<\/p>\n<p>Anmeldungen, weitere Infos &amp; Fragen an a.guthe@kjs-bitterfeld.de oder unter der Telefonnummer 0175 68 07 855.<\/p>\n<p><\/p>\n<p><strong><em>Weidmannsheil <\/em><\/strong><\/p>\n<p><strong><em>Andreas Guthe<\/em><\/strong><\/p>\n<hr>\n<h3>Formular Untersuchungsantrag f\u00fcr Proben zum Schwarzwildmonitoring<\/h3>\n<p>Der in Verbindung mit der Beprobung von Schwarzwild (Schwei\u00dfprobe in 2 R\u00f6hrchen) abzugebende Begleitschein ist zusammen mit den R\u00f6hrchen beim Veterin\u00e4ramt In Bitterfeld oder K\u00f6then erh\u00e4ltlich.<\/p>\n<p>Zus\u00e4tzlich dazu habe ich diesen Schein hier noch einmal als Pdf zum Download bereitgestellt, welcher direkt am PC ausgef\u00fcllt werden kann, oder nach dem Ausdrucken auch h\u00e4ndisch.<\/p>\n<p>Hier gehts zum Begleitschein:&nbsp;<\/p>\n\n\n<div class=\"wp-block-file\"><object class=\"wp-block-file__embed\" data=\"https:\/\/www.kjs-bitterfeld.de\/wp-content\/uploads\/2022\/03\/Antragsformular_Wildschweinmonitoring-ausfu\u0308llbar.pdf\" type=\"application\/pdf\" style=\"width:100%;height:600px\" aria-label=\"Einbettung von Antragsformular_Wildschweinmonitoring-ausfu\u0308llbar.\"><\/object><a id=\"wp-block-file--media-b1402548-fb19-4da3-b47a-048d71e6bc23\" href=\"https:\/\/www.kjs-bitterfeld.de\/wp-content\/uploads\/2022\/03\/Antragsformular_Wildschweinmonitoring-ausfu\u0308llbar.pdf\">Antragsformular_Wildschweinmonitoring-ausfu\u0308llbar<\/a><a href=\"https:\/\/www.kjs-bitterfeld.de\/wp-content\/uploads\/2022\/03\/Antragsformular_Wildschweinmonitoring-ausfu\u0308llbar.pdf\" class=\"wp-block-file__button\" download aria-describedby=\"wp-block-file--media-b1402548-fb19-4da3-b47a-048d71e6bc23\">Herunterladen<\/a><\/div>\n\n\n\n<p>Hier noch einmal das Informationsschreiben, des Landkreises:<\/p>\n\n\n\n<div class=\"wp-block-file\"><object class=\"wp-block-file__embed\" data=\"https:\/\/www.kjs-bitterfeld.de\/wp-content\/uploads\/2022\/03\/Infoschreiben-ASP-Beprobung.pdf\" type=\"application\/pdf\" style=\"width:100%;height:600px\" aria-label=\"Einbettung von Infoschreiben-ASP-Beprobung.\"><\/object><a id=\"wp-block-file--media-e37137e7-8534-402a-bfad-67cdbbf345f8\" href=\"https:\/\/www.kjs-bitterfeld.de\/wp-content\/uploads\/2022\/03\/Infoschreiben-ASP-Beprobung.pdf\">Infoschreiben-ASP-Beprobung<\/a><a href=\"https:\/\/www.kjs-bitterfeld.de\/wp-content\/uploads\/2022\/03\/Infoschreiben-ASP-Beprobung.pdf\" class=\"wp-block-file__button\" download aria-describedby=\"wp-block-file--media-e37137e7-8534-402a-bfad-67cdbbf345f8\">Herunterladen<\/a><\/div>\n\n\n<p>Bitte beachtet auch die Abgabefrist f\u00fcr die Erlegerpr\u00e4mie (Beschreibung im nachfolgenden Artikel!) bis zum <span style=\"color: #ff0000\"><strong>15.04.2022 (Posteingang beim Landkreis)<\/strong><\/span><\/p>\n<p>Adresse f\u00fcr den Postversand:<\/p>\n<p><strong>Landkreis Anhalt-Bitterfeld<\/strong><\/p>\n<p><strong>-Untere Jagdbeh\u00f6rde-<\/strong><\/p>\n<p><strong>Zeppelinstr. 15<\/strong><\/p>\n<p><strong>06366 K\u00f6then<\/strong><\/p>\n<p><\/p>\n<p>Weidmannsheil,<\/p>\n<p>A.Guthe<\/p>\n\n\n<hr class=\"wp-block-separator has-css-opacity\"\/>\n\n\n<h3>Beantragung der Schwarzwildpr\u00e4mie bis zum 15.04.2022<\/h3>\n<p>F\u00fcr den Zeitraum <strong>01.10.2021 bis 31.03.2022<\/strong>, als Jagdjahresende, ist der Antrag <strong>fristgerecht bis zum 15.04.2022 <span style=\"color: #ff0000\">(Posteingang beim Landkreis)<\/span><\/strong> einzureichen. Bitte achtet bei der Beantragung auf alle Bedingungen, die erf\u00fcllt sein m\u00fcssen und alle Dokumente dem Antrag beiliegen. So erspart Ihr euch und allen am Verfahren beteiligte unn\u00f6tige Nachfragen oder Mehraufwand. <strong>Antr\u00e4ge f\u00fcr diesen diesen Zeitraum, die vor dem 31.03.2022 eingereicht werden, werden von der Beh\u00f6rde wieder zur\u00fcckgesandt, so die Auskunft der Landkreisverwaltung!&nbsp;<\/strong><\/p>\n<p>Das dazu n\u00f6tige Formular findet Ihr hier zum Download, damit Ihr euch es nicht selbst beim Landesverwaltungsamt heraussuchen m\u00fcsst.<\/p>\n<p><span style=\"color: #ff0000\"><strong>--&gt; &nbsp;<a style=\"color: #ff0000\" href=\"https:\/\/www.kjs-bitterfeld.de\/wp-content\/uploads\/2022\/01\/2021-03-25_Formular_zur_Antragsstellung_auf_Erlegungspraemie_Version_1.1.pdf\">2021-03-25_Formular_zur_Antragsstellung_auf_Erlegungspraemie_Version_1.1<\/a><\/strong><\/span><\/p>\n<p>Dieses Formular l\u00e4sst sich, nur als Info, auch direkt am Computer ausf\u00fcllen.<\/p>\n<p><\/p>\n<p>Weidmannsheil,<\/p>\n<p>Andreas Guthe<\/p>\n\n\n<hr class=\"wp-block-separator has-css-opacity\"\/>\n\n\n\n<p>In eigener Sache....<\/p>\n\n\n\n<figure class=\"wp-block-image size-large is-resized\"><img loading=\"lazy\" src=\"https:\/\/www.kjs-bitterfeld.de\/wp-content\/uploads\/2021\/12\/Webseite-Weihanchten-Kopie-1024x576.jpg\" alt=\"\" class=\"wp-image-1181\" width=\"840\" height=\"472\" srcset=\"https:\/\/www.kjs-bitterfeld.de\/wp-content\/uploads\/2021\/12\/Webseite-Weihanchten-Kopie-1024x576.jpg 1024w, https:\/\/www.kjs-bitterfeld.de\/wp-content\/uploads\/2021\/12\/Webseite-Weihanchten-Kopie-300x169.jpg 300w, https:\/\/www.kjs-bitterfeld.de\/wp-content\/uploads\/2021\/12\/Webseite-Weihanchten-Kopie-768x432.jpg 768w, https:\/\/www.kjs-bitterfeld.de\/wp-content\/uploads\/2021\/12\/Webseite-Weihanchten-Kopie-600x337.jpg 600w, https:\/\/www.kjs-bitterfeld.de\/wp-content\/uploads\/2021\/12\/Webseite-Weihanchten-Kopie-960x540.jpg 960w, https:\/\/www.kjs-bitterfeld.de\/wp-content\/uploads\/2021\/12\/Webseite-Weihanchten-Kopie.jpg 1366w\" sizes=\"(max-width: 840px) 100vw, 840px\" \/><\/figure>\n\n\n\n<p>f\u00fcr bessere Lesbarkeit hier Anzeige herunterladen:<\/p>\n\n\n\n<div class=\"wp-block-file\"><a href=\"https:\/\/www.kjs-bitterfeld.de\/wp-content\/uploads\/2021\/12\/Webseite-Weihnachten-Kopie.pdf\">Webseite-Weihnachten-Kopie<\/a><a href=\"https:\/\/www.kjs-bitterfeld.de\/wp-content\/uploads\/2021\/12\/Webseite-Weihnachten-Kopie.pdf\" class=\"wp-block-file__button\" download>Herunterladen<\/a><\/div>\n\n\n\n<hr class=\"wp-block-separator has-css-opacity\"\/>\n\n\n<h3>UPDATE! Information zur Auszahlung der Schwarzwild-Pr\u00e4mie des Landes Sachsen-Anhalt<\/h3>\n<p>Liebe Weidgenossen,<\/p>\n<p><em><span style=\"color: #ff0000\"><strong>Stand 20.11.2021<\/strong><\/span><\/em> ist die Trichinen-Untersuchung im Landkreis Anhalt-Bitterfeld beim Labor BECIT wieder f\u00fcr jeden einzelnen Probenlieferanten geb\u00fchrenpflichtig und wird mit <strong>11,42 \u20ac inkl. MwSt in Rechnung<\/strong> gestellt.<\/p>\n<p>Die Kosten\u00fcbernahme durch den Landkreis entf\u00e4llt aufgrund der Erlegerpr\u00e4mie i.H.v. 65,00 \u20ac des Landes Sachsen-Anhalt, die neben der Pr\u00e4mie von 50,00 \u20ac nach Aussage auch 15,00 \u20ac als Ausgleich zur Geb\u00fchr der Trichinenuntersuchung enth\u00e4lt.<\/p>\n<hr>\n<p><em><span style=\"color: #ff0000\"><strong>Stand 22.10.2021 <\/strong><\/span><\/em>Seit geraumer Zeit mehren sich die R\u00fcckfragen nach der Auszahlung der beantragten Erlegerpr\u00e4mien nach dem Landtagsbeschluss und der im fr\u00fchen Jahr 2021 begonnen Umsetzung dessen.<\/p>\n<p>Aus gesicherter Quelle und nach R\u00fcckfrage gilt derzeit (22.10.2021) der Stand, dass es im Landkreis Anhalt-Bitterfeld zur Verz\u00f6gerung der Auszahlungen kommt. Der Grund hierf\u00fcr ist, dass der Landkreis bereits vor den Beschl\u00fcssen des Landes , zur Unterst\u00fctzung der J\u00e4ger die Entrichtung der Trichinenuntersuchungs-Geb\u00fchr beim Labor Becit \u00fcbernommen hat. Zus\u00e4tzlich enth\u00e4lt nun dann aber auch die Pr\u00e4mie des Landes Sachsen-Anhalt diesen Zuschuss f\u00fcr die Untersuchung.<\/p>\n<p>Der Landkreis scheint nun aktuell zu \u00fcberpr\u00fcfen, wie man mit dieser teilweise \"doppelten Unterst\u00fctzung\" der J\u00e4ger verfahren soll.&nbsp; Genau dieser Prozess scheint die Auszahlung der Landesmittel zu verz\u00f6gern.<\/p>\n<p><em>Ohne zu stark wertend zu agieren, kann man hier von einer gelinde gesagt, ungl\u00fccklichen Verfahrensweise sprechen.<\/em><\/p>\n<p><em>Sollte es zur Verfahrensweise Neuerungen oder \u00c4nderungen geben, werden wir dies so schnell als m\u00f6glich versuchen zu verbreiten.<\/em><\/p>\n<p><\/p>\n<p style=\"padding-left: 40px\">Weidmannsheil,<\/p>\n<p style=\"padding-left: 40px\">Hegeringleiter Hochwildhegring<\/p>\n<p style=\"padding-left: 40px\">Andreas Guthe<\/p>\n<p>Informationsseite MULE<\/p>\n<p><a href=\"https:\/\/mule.sachsen-anhalt.de\/startseite-mule\/artikel-detail\/news\/land-zahlt-65-euro-erlegungspraemie-als-anreiz-zur-schwarzwildreduktion\/\">https:\/\/mule.sachsen-anhalt.de\/startseite-mule\/artikel-detail\/news\/land-zahlt-65-euro-erlegungspraemie-als-anreiz-zur-schwarzwildreduktion\/<\/a><\/p>\n\n\n<hr class=\"wp-block-separator has-css-opacity\"\/>\n\n\n<h3>Kaiserwetter und volle Garbe - Hegeringschie\u00dfen 2021<\/h3>\n<p>Knapp 25 Sch\u00fctzen und G\u00e4ste folgten der Einladung zum diesj\u00e4hrigen Hegeringschie\u00dfen des Hochwildhegerings der J\u00e4gerschaft Bitterfeld in die wundersch\u00f6n herbstliche Muldeaue bei R\u00f6sa.<\/p>\n<p>Bei ausgezeichnetem Wetter konnten sich die Weidgenossen in mehreren Runden dem Schie\u00dfen auf Wurfscheiben, also den Tontauben messen. Durch die mobile und abwechslungsreiche Aufstellung der Maschinen, konnten wir verschiedene Szenarien unter Wettkampfbedingungen trainieren und so f\u00fcr einen interessanten Tag sorgen.<\/p>\n<p>Abgerundet durch eine Kombi-Wertung, in der der Schuss mit dem Bogen als weitere Disziplin hinzu gewertet wurde, konnten alle Weidgenossen ihre St\u00e4rken ausspielen.<\/p>\n<p>Wildroster vom Grill, frische Getr\u00e4nke und tolle Gespr\u00e4che machen so einen Tag immer wieder kurzweilig, schwei\u00dfen zusammen und halten unsere jagdliche Gemeinschaft am Leben.<\/p>\n<p>Als Gesamtsieger ging an diesem Tag Weidgenosse Ralf Tippelt hervor, der sich nur knapp vor dem zweitplatzieren Wolfgang Mengel behaupten konnte. Auf Platz drei konnte sich mit einem soliden Ergebnis J\u00fcrgen Reinsch behaupten. Nichtsdestotrotz konnten sich aber alle Platzierungen bis zum letzten Sch\u00fctzen \u00fcber tolle Sachpreise freuen.<\/p>\n<div id='gallery-2' class='gallery galleryid-951 gallery-columns-3 gallery-size-thumbnail'><figure class='gallery-item'>\n\t\t\t<div class='gallery-icon portrait'>\n\t\t\t\t<a href='https:\/\/www.kjs-bitterfeld.de\/index.php\/hochwildhegering\/2-2-2\/'><img width=\"150\" height=\"150\" src=\"https:\/\/www.kjs-bitterfeld.de\/wp-content\/uploads\/2021\/10\/2-2-150x150.jpeg\" class=\"attachment-thumbnail size-thumbnail\" alt=\"\" loading=\"lazy\" \/><\/a>\n\t\t\t<\/div><\/figure><figure class='gallery-item'>\n\t\t\t<div class='gallery-icon landscape'>\n\t\t\t\t<a href='https:\/\/www.kjs-bitterfeld.de\/index.php\/hochwildhegering\/attachment\/7\/'><img width=\"150\" height=\"150\" src=\"https:\/\/www.kjs-bitterfeld.de\/wp-content\/uploads\/2021\/10\/7-150x150.jpeg\" class=\"attachment-thumbnail size-thumbnail\" alt=\"\" loading=\"lazy\" \/><\/a>\n\t\t\t<\/div><\/figure><figure class='gallery-item'>\n\t\t\t<div class='gallery-icon portrait'>\n\t\t\t\t<a href='https:\/\/www.kjs-bitterfeld.de\/index.php\/hochwildhegering\/6-1\/'><img width=\"150\" height=\"150\" src=\"https:\/\/www.kjs-bitterfeld.de\/wp-content\/uploads\/2021\/10\/6-1-150x150.jpeg\" class=\"attachment-thumbnail size-thumbnail\" alt=\"\" loading=\"lazy\" \/><\/a>\n\t\t\t<\/div><\/figure><figure class='gallery-item'>\n\t\t\t<div class='gallery-icon landscape'>\n\t\t\t\t<a href='https:\/\/www.kjs-bitterfeld.de\/index.php\/hochwildhegering\/5-1\/'><img width=\"150\" height=\"150\" src=\"https:\/\/www.kjs-bitterfeld.de\/wp-content\/uploads\/2021\/10\/5-1-150x150.jpeg\" class=\"attachment-thumbnail size-thumbnail\" alt=\"\" loading=\"lazy\" \/><\/a>\n\t\t\t<\/div><\/figure><figure class='gallery-item'>\n\t\t\t<div class='gallery-icon landscape'>\n\t\t\t\t<a href='https:\/\/www.kjs-bitterfeld.de\/index.php\/hochwildhegering\/4-1\/'><img width=\"150\" height=\"150\" src=\"https:\/\/www.kjs-bitterfeld.de\/wp-content\/uploads\/2021\/10\/4-1-150x150.jpeg\" class=\"attachment-thumbnail size-thumbnail\" alt=\"\" loading=\"lazy\" \/><\/a>\n\t\t\t<\/div><\/figure><figure class='gallery-item'>\n\t\t\t<div class='gallery-icon landscape'>\n\t\t\t\t<a href='https:\/\/www.kjs-bitterfeld.de\/index.php\/hochwildhegering\/3-2-2\/'><img width=\"150\" height=\"150\" src=\"https:\/\/www.kjs-bitterfeld.de\/wp-content\/uploads\/2021\/10\/3-2-150x150.jpeg\" class=\"attachment-thumbnail size-thumbnail\" alt=\"\" loading=\"lazy\" \/><\/a>\n\t\t\t<\/div><\/figure>\n\t\t<\/div>\n\n<p>Ein besonderer Dank gilt all denjenigen, die diesen Tag wieder einmal m\u00f6glich gemacht haben. Insbesondere dem Landkreis Anhalt Bitterfeld, der Gemeinde Muldestausee und der Agrarproduktion R\u00f6sa GmbH f\u00fcr die tolle Unterst\u00fctzung. Vielen Dank an Alfons Wolff f\u00fcr die Wurfmaschinen, Stefan Kie\u00dfler und alle diejenigen, die den Auf- und Abbau immer mit vollen Kr\u00e4ften unterst\u00fctzen.<\/p>\n<p>Zu guter Letzt gilt nat\u00fcrlich auch denjenigen gro\u00dfer Dank, die als treue G\u00e4ste unsere Veranstaltung immer wieder bereichern. Gerade auch die Weidgenossen, die unsere Veranstaltung durch ihr Kommen unterst\u00fctzen - obwohl sie garnicht am Schie\u00dfen teilnehmen.<\/p>\n<p>Ich freue mich auf die n\u00e4chste Auflage im Jahr 2022.<\/p>\n<p>Weidmannsheil,<\/p>\n<p>Andreas Guthe<\/p>\n<p><\/p>\n<h3>Ein Erfolg - J\u00e4gerschaft beteiligt sich an 1. Muldestausee Clean Up Day<\/h3>\n<p>Nachdem unserer Einladung, sich am 1. Muldestausee Clean Up Day zu beteiligen, einige Mitglieder gefolgt waren, ging es bei regnerischem Wetter fr\u00fch morgens am 18. September 2021 zum Treffpunkt am \"Haus am See\" in Schlaitz. Ausgestattet mit Handschuhen und M\u00fclls\u00e4cken, ging es auf einen ca. 7 km weiten Marsch, bei dem wir allerhand Unrat aus den Randgebieten der Wege einsammeln konnten.<\/p>\n<p>Der Erfolg konnte sich sehen lassen. So konnten wir in knapp 2 Stunden mehrere S\u00e4cke mit D\u00e4mmstoffresten, Flaschen und Folien f\u00fcllen, sogar alte Matratzen waren unter den \"Fundst\u00fccken\".<\/p>\n<p>Ich freue mich, dass somit auch wir J\u00e4ger einen tollen Beitrag leisten konnten, um unsere Heimat ein St\u00fcck weit sauberer zu halten. Mit Sicherheit werden wir auch 2022 diese tollen Initiative der Gemeinde Muldestausee unterst\u00fctzen!<\/p>\n<div id='gallery-3' class='gallery galleryid-951 gallery-columns-3 gallery-size-thumbnail'><figure class='gallery-item'>\n\t\t\t<div class='gallery-icon landscape'>\n\t\t\t\t<a href='https:\/\/www.kjs-bitterfeld.de\/index.php\/hochwildhegering\/1-3\/'><img width=\"150\" height=\"150\" src=\"https:\/\/www.kjs-bitterfeld.de\/wp-content\/uploads\/2021\/09\/1-3-150x150.jpeg\" class=\"attachment-thumbnail size-thumbnail\" alt=\"\" loading=\"lazy\" srcset=\"https:\/\/www.kjs-bitterfeld.de\/wp-content\/uploads\/2021\/09\/1-3-150x150.jpeg 150w, https:\/\/www.kjs-bitterfeld.de\/wp-content\/uploads\/2021\/09\/1-3-300x300.jpeg 300w, https:\/\/www.kjs-bitterfeld.de\/wp-content\/uploads\/2021\/09\/1-3-600x600.jpeg 600w, https:\/\/www.kjs-bitterfeld.de\/wp-content\/uploads\/2021\/09\/1-3.jpeg 640w\" sizes=\"(max-width: 150px) 100vw, 150px\" \/><\/a>\n\t\t\t<\/div><\/figure><figure class='gallery-item'>\n\t\t\t<div class='gallery-icon landscape'>\n\t\t\t\t<a href='https:\/\/www.kjs-bitterfeld.de\/index.php\/hochwildhegering\/3-1-2\/'><img width=\"150\" height=\"150\" src=\"https:\/\/www.kjs-bitterfeld.de\/wp-content\/uploads\/2021\/09\/3-1-1-150x150.jpeg\" class=\"attachment-thumbnail size-thumbnail\" alt=\"\" loading=\"lazy\" \/><\/a>\n\t\t\t<\/div><\/figure><figure class='gallery-item'>\n\t\t\t<div class='gallery-icon landscape'>\n\t\t\t\t<a href='https:\/\/www.kjs-bitterfeld.de\/index.php\/hochwildhegering\/2-1-2\/'><img width=\"150\" height=\"150\" src=\"https:\/\/www.kjs-bitterfeld.de\/wp-content\/uploads\/2021\/09\/2-1-1-150x150.jpeg\" class=\"attachment-thumbnail size-thumbnail\" alt=\"\" loading=\"lazy\" \/><\/a>\n\t\t\t<\/div><\/figure><figure class='gallery-item'>\n\t\t\t<div class='gallery-icon landscape'>\n\t\t\t\t<a href='https:\/\/www.kjs-bitterfeld.de\/index.php\/hochwildhegering\/4-3\/'><img width=\"150\" height=\"150\" src=\"https:\/\/www.kjs-bitterfeld.de\/wp-content\/uploads\/2021\/09\/4-2-150x150.jpeg\" class=\"attachment-thumbnail size-thumbnail\" alt=\"\" loading=\"lazy\" \/><\/a>\n\t\t\t<\/div><\/figure><figure class='gallery-item'>\n\t\t\t<div class='gallery-icon landscape'>\n\t\t\t\t<a href='https:\/\/www.kjs-bitterfeld.de\/index.php\/hochwildhegering\/1-1-2\/'><img width=\"150\" height=\"150\" src=\"https:\/\/www.kjs-bitterfeld.de\/wp-content\/uploads\/2021\/09\/1-1-1-150x150.jpeg\" class=\"attachment-thumbnail size-thumbnail\" alt=\"\" loading=\"lazy\" \/><\/a>\n\t\t\t<\/div><\/figure><figure class='gallery-item'>\n\t\t\t<div class='gallery-icon landscape'>\n\t\t\t\t<a href='https:\/\/www.kjs-bitterfeld.de\/index.php\/hochwildhegering\/3-3\/'><img width=\"150\" height=\"150\" src=\"https:\/\/www.kjs-bitterfeld.de\/wp-content\/uploads\/2021\/09\/3-3-150x150.jpeg\" class=\"attachment-thumbnail size-thumbnail\" alt=\"\" loading=\"lazy\" \/><\/a>\n\t\t\t<\/div><\/figure><figure class='gallery-item'>\n\t\t\t<div class='gallery-icon landscape'>\n\t\t\t\t<a href='https:\/\/www.kjs-bitterfeld.de\/index.php\/hochwildhegering\/2-3\/'><img width=\"150\" height=\"150\" src=\"https:\/\/www.kjs-bitterfeld.de\/wp-content\/uploads\/2021\/09\/2-3-150x150.jpeg\" class=\"attachment-thumbnail size-thumbnail\" alt=\"\" loading=\"lazy\" \/><\/a>\n\t\t\t<\/div><\/figure><figure class='gallery-item'>\n\t\t\t<div class='gallery-icon landscape'>\n\t\t\t\t<a href='https:\/\/www.kjs-bitterfeld.de\/index.php\/hochwildhegering\/5-3\/'><img width=\"150\" height=\"150\" src=\"https:\/\/www.kjs-bitterfeld.de\/wp-content\/uploads\/2021\/09\/5-2-150x150.jpeg\" class=\"attachment-thumbnail size-thumbnail\" alt=\"\" loading=\"lazy\" \/><\/a>\n\t\t\t<\/div><\/figure><figure class='gallery-item'>\n\t\t\t<div class='gallery-icon landscape'>\n\t\t\t\t<a href='https:\/\/www.kjs-bitterfeld.de\/index.php\/hochwildhegering\/6-3\/'><img width=\"150\" height=\"150\" src=\"https:\/\/www.kjs-bitterfeld.de\/wp-content\/uploads\/2021\/09\/6-2-150x150.jpeg\" class=\"attachment-thumbnail size-thumbnail\" alt=\"\" loading=\"lazy\" \/><\/a>\n\t\t\t<\/div><\/figure>\n\t\t<\/div>\n\n<h3>&nbsp;<\/h3>\n<h3>1. Muldestausee - Clean Up Day 18. September 2021 ganzt\u00e4gig<\/h3>\n<p>Ferid Giebler, der B\u00fcrgermeister der Gemeinde Muldestausee l\u00e4dt alle \u201eWilligen\u201c und Interessierten am 18. September 2021 im Rahmen des weltweiten World Clean Up Days zu einer gro\u00dfartigen Aktion im Rahmen des Natur- und Umweltschutzes ein.<\/p>\n<p>Die J\u00e4gerschaft, als eine der gr\u00f6\u00dften dem Naturschutz verbundenen Organisationen ist an solch einem Ereignis nat\u00fcrlich zu gegen, um mit anzupacken und unsere Heimat ein St\u00fcck weit sauberer zu machen. Unter dem Motto #mitmachenstattmotzen gilt es, an diesem Tag Unrat und M\u00fcll aus der Natur zu entfernen.<\/p>\n<p>Der Hochwildhegering mit seinen Revieren, haupts\u00e4chlich gelegen nord-\u00f6stlich der Mulde, zum Teil am Rande des Muldestausees, m\u00f6chte sich an dieser tollen Aktion der Gemeinde Muldestausee beteiligen und l\u00e4dt alle Mitglieder ein, sich daran zu beteiligen.<\/p>\n<p>Da es nicht ganz ohne Planung geht, m\u00f6chte ich euch bitten, die beigef\u00fcgte Pdf zu beachten und mir sp\u00e4testens bis zum 22. August 2021 eine kurze Info zu geben, dass Ihr verbindlich dabei seid.<\/p>\n<p>Anmeldungen k\u00f6nnt Ihr pers\u00f6nlich an mich per Email an a.guthe@kjs-bitterfeld.de senden, ich fasse dann alle zusammen und melde uns zum Stichtag bei der Gemeinde an.<\/p>\n<p>Andreas Guthe<\/p>\n<p><a href=\"https:\/\/www.kjs-bitterfeld.de\/wp-content\/uploads\/2021\/08\/20210719_1.Muldestausee_Clean_Up_Day.pdf\">20210719_1.Muldestausee_Clean_Up_Day<\/a><\/p>\n<p><\/p>\n<h3><strong>Hegeringschie\u00dfen - Hochwildhegering 2020<\/strong><\/h3>\n<p>Anfang Oktober fand zum wiederholten Mal das Hegeringschie\u00dfen des Hochwildhegerings der J\u00e4gerschaft Bitterfeld statt. In diesem Herbst folgten \u00fcber 20 Mitglieder der Einladung in die Muldeaue bei R\u00f6sa, wo wir wieder bei bestem Wetter dem jagdlichen Wurfscheibenschie\u00dfen besondere Bedeutung schenkten.<br>Die mobilen Wurfanlagen, bereitgestellt von Wdg. Alfons Wolff, konnten in abwechslungsreicher Aufstellung platziert werden, um f\u00fcr alle in mehreren Durchg\u00e4ngen ein interessantes und lehrreiches Schie\u00dfzenario zu kreieren. Um aber nicht nur unseren versierten Flintensch\u00fctzen hier etwas Vorteile zu verschaffen, konnte ein zweiter Schie\u00dfstand mit einer dem laufenden Keiler \u00e4hnlichen Mini-Anlage f\u00fcr das Druckluftgewehr mit in die Wertung eingebracht werden. In der A-Wertung konnte sich Wdg. Alfons Wolff den 1. Platz und den damit verbundenen Wanderpokal sichern, dicht gefolgt auf Platz 2 von Wdg. Ralf Tippelt und dem 3. Platz vom Vorjahressieger Wdg. Thomas G\u00e4nsicke.<\/p>\n<div id='gallery-4' class='gallery galleryid-951 gallery-columns-3 gallery-size-thumbnail'><figure class='gallery-item'>\n\t\t\t<div class='gallery-icon landscape'>\n\t\t\t\t<a href='https:\/\/www.kjs-bitterfeld.de\/index.php\/hochwildhegering\/6f04c6b2-dda7-4b26-833f-8b9a921e4dd5\/'><img width=\"150\" height=\"150\" src=\"https:\/\/www.kjs-bitterfeld.de\/wp-content\/uploads\/2021\/08\/6F04C6B2-DDA7-4B26-833F-8B9A921E4DD5-150x150.jpeg\" class=\"attachment-thumbnail size-thumbnail\" alt=\"\" loading=\"lazy\" \/><\/a>\n\t\t\t<\/div><\/figure><figure class='gallery-item'>\n\t\t\t<div class='gallery-icon landscape'>\n\t\t\t\t<a href='https:\/\/www.kjs-bitterfeld.de\/index.php\/hochwildhegering\/fe17530b-d54a-4151-ae55-17e0c974e1bb\/'><img width=\"150\" height=\"150\" src=\"https:\/\/www.kjs-bitterfeld.de\/wp-content\/uploads\/2021\/08\/FE17530B-D54A-4151-AE55-17E0C974E1BB-150x150.jpeg\" class=\"attachment-thumbnail size-thumbnail\" alt=\"\" loading=\"lazy\" \/><\/a>\n\t\t\t<\/div><\/figure><figure class='gallery-item'>\n\t\t\t<div class='gallery-icon landscape'>\n\t\t\t\t<a href='https:\/\/www.kjs-bitterfeld.de\/index.php\/hochwildhegering\/80389a2a-b1b4-4732-a1da-8af91674ac6a\/'><img width=\"150\" height=\"150\" src=\"https:\/\/www.kjs-bitterfeld.de\/wp-content\/uploads\/2021\/08\/80389A2A-B1B4-4732-A1DA-8AF91674AC6A-150x150.jpeg\" class=\"attachment-thumbnail size-thumbnail\" alt=\"\" loading=\"lazy\" \/><\/a>\n\t\t\t<\/div><\/figure><figure class='gallery-item'>\n\t\t\t<div class='gallery-icon landscape'>\n\t\t\t\t<a href='https:\/\/www.kjs-bitterfeld.de\/index.php\/hochwildhegering\/b7a86616-1fdf-4033-97a8-776426c52f64\/'><img width=\"150\" height=\"150\" src=\"https:\/\/www.kjs-bitterfeld.de\/wp-content\/uploads\/2021\/08\/B7A86616-1FDF-4033-97A8-776426C52F64-150x150.jpeg\" class=\"attachment-thumbnail size-thumbnail\" alt=\"\" loading=\"lazy\" \/><\/a>\n\t\t\t<\/div><\/figure><figure class='gallery-item'>\n\t\t\t<div class='gallery-icon landscape'>\n\t\t\t\t<a href='https:\/\/www.kjs-bitterfeld.de\/index.php\/hochwildhegering\/5d94f1d8-bfc1-4a6f-b74b-ba80dcd33bce\/'><img width=\"150\" height=\"150\" src=\"https:\/\/www.kjs-bitterfeld.de\/wp-content\/uploads\/2021\/08\/5D94F1D8-BFC1-4A6F-B74B-BA80DCD33BCE-150x150.jpeg\" class=\"attachment-thumbnail size-thumbnail\" alt=\"\" loading=\"lazy\" \/><\/a>\n\t\t\t<\/div><\/figure><figure class='gallery-item'>\n\t\t\t<div class='gallery-icon portrait'>\n\t\t\t\t<a href='https:\/\/www.kjs-bitterfeld.de\/index.php\/hochwildhegering\/d3ad4acb-a36a-4546-b06a-7d458a0542ba\/'><img width=\"150\" height=\"150\" src=\"https:\/\/www.kjs-bitterfeld.de\/wp-content\/uploads\/2021\/08\/D3AD4ACB-A36A-4546-B06A-7D458A0542BA-150x150.jpeg\" class=\"attachment-thumbnail size-thumbnail\" alt=\"\" loading=\"lazy\" \/><\/a>\n\t\t\t<\/div><\/figure>\n\t\t<\/div>\n\n<p>Eine B-Wertung sicherte auch den Sch\u00fctzen mit etwas weniger Routine im Wurfscheibenschie\u00dfen attraktive Preise, wobei am Ende der Veranstaltung nat\u00fcrlich jeder Teilnehmer eine Kleinigkeit vom Preistisch ergattern durfte.<br>F\u00fcr das leibliche Wohl und die Organisation konnten wieder viele freiwillige Helfer gewonnen werden, die mit viel Engagement solch eine Veranstaltung zum Leben erwecken. Dazu z\u00e4hlt nat\u00fcrlich die Agrarproduktion R\u00f6sa GmbH, insbesondere Thomas Koppe, der das Fl\u00e4chenmanagement im Herbst extra f\u00fcr uns passend gemacht hat. Auch Wdg. Alfons Wolff, der Maschinen und Technik hier zur Verf\u00fcgung gestellt hat. Aber nat\u00fcrlich auch die Gemeinde Muldestausee, sowie der Landkreis Anhalt Bitterfeld, die diese Veranstaltung genehmigt haben. Durch die im Vorfeld langfristige Planung konnten auch Preis-Sponsoren gewonnen werden. Unter anderem hat hier die Frankonia Handels GmbH aus Rottendorf eine Menge hochwertige Sachpreise gesponsert, die bei den Preistr\u00e4gern gro\u00dfen Anklang fanden.<br>Ich bedanke mich am Ende pers\u00f6nlich bei allen Weidgenossen f\u00fcr die Teilnahme und die dabei erbrachten Leistungen und die Disziplin, bei Thomas Koppe, dem Ordnungsamt der Gemeinde Muldestausee und der Waffenbeh\u00f6rde des Landkreises, dem Kreisj\u00e4germeister Wolfgang Mengel f\u00fcr die Unterst\u00fctzung, sowie bei allen Helferinnen und Helfern f\u00fcr den gelungenen Tag.<br>Ich bin gespannt auf eine neue Ausgabe im Jahr 2021 \u2013 vielleicht sogar in einer Variante \u00fcber die Hegringgrenzen hinaus. Ich freue mich dabei auf eure Unterst\u00fctzung.<br>Weidmannsheil, Andreas Guthe<\/p>\n<p><!--more--><\/p>\n<h3>Hegeringschie\u00dfen - Hochwildhegering 2019<\/h3>\n<p>Ende September lud der Hochwildhegering seine Mitglieder und die Mitglieder der J\u00e4gerschaft Bitterfeld ein, um sich bei bestem Wetter einmal dem Vergleich im Wurfscheibenschie\u00dfen zu stellen. Um die Veranstaltung einmal in einem etwas anderem Rahmen durchzuf\u00fchren, fand diese in der Muldeaue in R\u00f6sa statt.<\/p>\n<div id='gallery-5' class='gallery galleryid-951 gallery-columns-3 gallery-size-medium'><figure class='gallery-item'>\n\t\t\t<div class='gallery-icon landscape'>\n\t\t\t\t<a href='https:\/\/www.kjs-bitterfeld.de\/index.php\/hochwildhegering\/img_7536\/'><img width=\"300\" height=\"225\" src=\"https:\/\/www.kjs-bitterfeld.de\/wp-content\/uploads\/2019\/12\/IMG_7536-300x225.jpeg\" class=\"attachment-medium size-medium\" alt=\"\" loading=\"lazy\" aria-describedby=\"gallery-5-1016\" srcset=\"https:\/\/www.kjs-bitterfeld.de\/wp-content\/uploads\/2019\/12\/IMG_7536-300x225.jpeg 300w, https:\/\/www.kjs-bitterfeld.de\/wp-content\/uploads\/2019\/12\/IMG_7536-768x576.jpeg 768w, https:\/\/www.kjs-bitterfeld.de\/wp-content\/uploads\/2019\/12\/IMG_7536-1024x768.jpeg 1024w, https:\/\/www.kjs-bitterfeld.de\/wp-content\/uploads\/2019\/12\/IMG_7536-600x450.jpeg 600w, https:\/\/www.kjs-bitterfeld.de\/wp-content\/uploads\/2019\/12\/IMG_7536-960x720.jpeg 960w, https:\/\/www.kjs-bitterfeld.de\/wp-content\/uploads\/2019\/12\/IMG_7536.jpeg 1280w\" sizes=\"(max-width: 300px) 100vw, 300px\" \/><\/a>\n\t\t\t<\/div>\n\t\t\t\t<figcaption class='wp-caption-text gallery-caption' id='gallery-5-1016'>\n\t\t\t\tHochwildhegering schie\u00dfen 2019 &#8211; 1\n\t\t\t\t<\/figcaption><\/figure><figure class='gallery-item'>\n\t\t\t<div class='gallery-icon landscape'>\n\t\t\t\t<a href='https:\/\/www.kjs-bitterfeld.de\/index.php\/hochwildhegering\/img_7576\/'><img width=\"300\" height=\"225\" src=\"https:\/\/www.kjs-bitterfeld.de\/wp-content\/uploads\/2019\/12\/IMG_7576-300x225.jpeg\" class=\"attachment-medium size-medium\" alt=\"\" loading=\"lazy\" aria-describedby=\"gallery-5-1018\" srcset=\"https:\/\/www.kjs-bitterfeld.de\/wp-content\/uploads\/2019\/12\/IMG_7576-300x225.jpeg 300w, https:\/\/www.kjs-bitterfeld.de\/wp-content\/uploads\/2019\/12\/IMG_7576-768x576.jpeg 768w, https:\/\/www.kjs-bitterfeld.de\/wp-content\/uploads\/2019\/12\/IMG_7576-1024x768.jpeg 1024w, https:\/\/www.kjs-bitterfeld.de\/wp-content\/uploads\/2019\/12\/IMG_7576-600x450.jpeg 600w, https:\/\/www.kjs-bitterfeld.de\/wp-content\/uploads\/2019\/12\/IMG_7576-960x720.jpeg 960w, https:\/\/www.kjs-bitterfeld.de\/wp-content\/uploads\/2019\/12\/IMG_7576.jpeg 1280w\" sizes=\"(max-width: 300px) 100vw, 300px\" \/><\/a>\n\t\t\t<\/div>\n\t\t\t\t<figcaption class='wp-caption-text gallery-caption' id='gallery-5-1018'>\n\t\t\t\tHochwildhegering schie\u00dfen 2019 &#8211; 2\n\t\t\t\t<\/figcaption><\/figure><figure class='gallery-item'>\n\t\t\t<div class='gallery-icon landscape'>\n\t\t\t\t<a href='https:\/\/www.kjs-bitterfeld.de\/index.php\/hochwildhegering\/img_7595\/'><img width=\"300\" height=\"225\" src=\"https:\/\/www.kjs-bitterfeld.de\/wp-content\/uploads\/2019\/12\/IMG_7595-300x225.jpeg\" class=\"attachment-medium size-medium\" alt=\"\" loading=\"lazy\" aria-describedby=\"gallery-5-1019\" srcset=\"https:\/\/www.kjs-bitterfeld.de\/wp-content\/uploads\/2019\/12\/IMG_7595-300x225.jpeg 300w, https:\/\/www.kjs-bitterfeld.de\/wp-content\/uploads\/2019\/12\/IMG_7595-768x576.jpeg 768w, https:\/\/www.kjs-bitterfeld.de\/wp-content\/uploads\/2019\/12\/IMG_7595-1024x768.jpeg 1024w, https:\/\/www.kjs-bitterfeld.de\/wp-content\/uploads\/2019\/12\/IMG_7595-600x450.jpeg 600w, https:\/\/www.kjs-bitterfeld.de\/wp-content\/uploads\/2019\/12\/IMG_7595-960x720.jpeg 960w, https:\/\/www.kjs-bitterfeld.de\/wp-content\/uploads\/2019\/12\/IMG_7595.jpeg 1280w\" sizes=\"(max-width: 300px) 100vw, 300px\" \/><\/a>\n\t\t\t<\/div>\n\t\t\t\t<figcaption class='wp-caption-text gallery-caption' id='gallery-5-1019'>\n\t\t\t\tHochwildhegering schie\u00dfen 2019 &#8211; 3\n\t\t\t\t<\/figcaption><\/figure><figure class='gallery-item'>\n\t\t\t<div class='gallery-icon portrait'>\n\t\t\t\t<a href='https:\/\/www.kjs-bitterfeld.de\/index.php\/hochwildhegering\/img_7599\/'><img width=\"225\" height=\"300\" src=\"https:\/\/www.kjs-bitterfeld.de\/wp-content\/uploads\/2019\/12\/IMG_7599-225x300.jpeg\" class=\"attachment-medium size-medium\" alt=\"\" loading=\"lazy\" aria-describedby=\"gallery-5-1020\" srcset=\"https:\/\/www.kjs-bitterfeld.de\/wp-content\/uploads\/2019\/12\/IMG_7599-225x300.jpeg 225w, https:\/\/www.kjs-bitterfeld.de\/wp-content\/uploads\/2019\/12\/IMG_7599-768x1024.jpeg 768w, https:\/\/www.kjs-bitterfeld.de\/wp-content\/uploads\/2019\/12\/IMG_7599-600x800.jpeg 600w, https:\/\/www.kjs-bitterfeld.de\/wp-content\/uploads\/2019\/12\/IMG_7599.jpeg 960w\" sizes=\"(max-width: 225px) 100vw, 225px\" \/><\/a>\n\t\t\t<\/div>\n\t\t\t\t<figcaption class='wp-caption-text gallery-caption' id='gallery-5-1020'>\n\t\t\t\tHochwildhegering schie\u00dfen 2019 &#8211; 4\n\t\t\t\t<\/figcaption><\/figure><figure class='gallery-item'>\n\t\t\t<div class='gallery-icon portrait'>\n\t\t\t\t<a href='https:\/\/www.kjs-bitterfeld.de\/index.php\/hochwildhegering\/img_7570\/'><img width=\"225\" height=\"300\" src=\"https:\/\/www.kjs-bitterfeld.de\/wp-content\/uploads\/2019\/12\/IMG_7570-225x300.jpeg\" class=\"attachment-medium size-medium\" alt=\"\" loading=\"lazy\" aria-describedby=\"gallery-5-1017\" srcset=\"https:\/\/www.kjs-bitterfeld.de\/wp-content\/uploads\/2019\/12\/IMG_7570-225x300.jpeg 225w, https:\/\/www.kjs-bitterfeld.de\/wp-content\/uploads\/2019\/12\/IMG_7570-768x1024.jpeg 768w, https:\/\/www.kjs-bitterfeld.de\/wp-content\/uploads\/2019\/12\/IMG_7570-600x800.jpeg 600w, https:\/\/www.kjs-bitterfeld.de\/wp-content\/uploads\/2019\/12\/IMG_7570.jpeg 960w\" sizes=\"(max-width: 225px) 100vw, 225px\" \/><\/a>\n\t\t\t<\/div>\n\t\t\t\t<figcaption class='wp-caption-text gallery-caption' id='gallery-5-1017'>\n\t\t\t\tHochwildhegering schie\u00dfen 2019 &#8211; 5\n\t\t\t\t<\/figcaption><\/figure>\n\t\t<\/div>\n\n<p>Nach der Genehmigung durch den Landkreis, sowie die Revierp\u00e4chter und die Fl\u00e4cheneigent\u00fcmer, konnten sich die knapp 35 Teilnehmer in ihren Fertigkeiten im Flintenschuss messen. Durch die M\u00f6glichkeit, mit mobilen Wurfmaschinen ein Parcours-Szenario zu erstellen, konnte ein sehr spannendes und abwechslungsreiches Schie\u00dfen durch die Teilnehmer absolviert werden.<\/p>\n<p>Der Ehrgeiz der Teilnehmer wurde durch die gespendeten Sachpreise geweckt und so entwickelte sich ein spannender Wettkampf, an dessen Ende <span style=\"color: #800000\"><strong>Thomas G\u00e4nsicke<\/strong><\/span> mit insgesamt 22 von 30 Wurfscheiben als<strong><span style=\"color: #800000\"> Gesamtsieger<\/span><\/strong> feststand. <strong><span style=\"color: #800000\">Platz 2<\/span><\/strong> belegte <span style=\"color: #800000\"><strong>Andreas K\u00f6hler<\/strong><\/span> mit 15 getroffenen Wurfscheiben <strong><span style=\"color: #800000\">kn<\/span><\/strong><strong><span style=\"color: #800000\">app vor<\/span> <span style=\"color: #800000\">Wolfgang Mengel<\/span><\/strong> mit 13 Treffern.<\/p>\n<p>Im Vordergrund sollte aber an diesem Tag nicht nur der sportliche Wettkampf stehen, sondern die M\u00f6glichkeit, sich im lockeren Umfeld austauschen zu k\u00f6nnen. So freut es mich besonders, dass einige Weidgenossen der Einladung folgten, ohne am Schie\u00dfen direkt teilzunehmen und nutzten die M\u00f6glichkeit bei einer Wildbratwurst vom Grill sich auszutauschen oder die Geselligkeit zu genie\u00dfen.<\/p>\n<p>Eine rundum gelungene Veranstaltung, die sicher 2020 , wenn auch vielleicht in einer abgewandelten Form, erneut stattfindet. Bedanken m\u00f6chte ich mich pers\u00f6nlich bei allen G\u00e4sten und Sch\u00fctzen f\u00fcr das zahlreiche Erscheinen und die Disziplin. Ein <strong><span style=\"color: #800000\">besonderer Dank<\/span><\/strong> gilt auch dem Weidgenossen <strong><span style=\"color: #800000\">Alfons Wolff<\/span><\/strong>, der die Wurfmaschinen kostenfrei zur Verf\u00fcgung gestellt hat und lediglich die Wurfscheiben beglichen werden mussten. Ebenso gilt ein<strong><span style=\"color: #800000\"> besonderer Dank<\/span> <\/strong>dem Weidgenossen<strong><span style=\"color: #800000\"> Wolfgang Mengel<\/span> <\/strong>f\u00fcr die kostenfreie Bereitstellung der Sachpreise und die Hilfe bei der Organisation des Schie\u00dfens, sowie dem Landkreis Anhalt Bitterfeld und der Agrarproduktion R\u00f6sa bei der Unterst\u00fctzung des Vorhabens.<\/p>\n<p>Hegeringleiter Andreas Guthe<\/p>\n\n\n<hr class=\"wp-block-separator has-css-opacity\"\/>\n\n\n\n<hr class=\"wp-block-separator has-css-opacity\"\/>\n\n\n\n<hr class=\"wp-block-separator has-css-opacity\"\/>\n","protected":false},"excerpt":{"rendered":"<p>Hege nicht nur als Worth\u00fclse - J\u00e4ger \u00fcbernehmen Verantwortung Beitrag vom 26.05.2025 Im Bundesjagdgesetz steht es eindeutig geschrieben - vor allem anderen! Im \u00a7 1 Absatz (1) hei\u00dft es: \"... Mit dem Jagdrecht ist die Pflicht zur Hege verbunden.\" Jeder einzelne Revierinhaber und Begehungsscheininhaber muss sich die Frage stellen, was er f\u00fcr einen Beitrag dazu <a href=\"https:\/\/www.kjs-bitterfeld.de\/index.php\/hochwildhegering\/\" class=\"more-link\">...weiterlesen<span class=\"screen-reader-text\"> \"Hochwildhegering\"<\/span><\/a><\/p>\n","protected":false},"author":1,"featured_media":0,"parent":0,"menu_order":0,"comment_status":"closed","ping_status":"closed","template":"","meta":{"_bbp_topic_count":0,"_bbp_reply_count":0,"_bbp_total_topic_count":0,"_bbp_total_reply_count":0,"_bbp_voice_count":0,"_bbp_anonymous_reply_count":0,"_bbp_topic_count_hidden":0,"_bbp_reply_count_hidden":0,"_bbp_forum_subforum_count":0},"_links":{"self":[{"href":"https:\/\/www.kjs-bitterfeld.de\/index.php\/wp-json\/wp\/v2\/pages\/951"}],"collection":[{"href":"https:\/\/www.kjs-bitterfeld.de\/index.php\/wp-json\/wp\/v2\/pages"}],"about":[{"href":"https:\/\/www.kjs-bitterfeld.de\/index.php\/wp-json\/wp\/v2\/types\/page"}],"author":[{"embeddable":true,"href":"https:\/\/www.kjs-bitterfeld.de\/index.php\/wp-json\/wp\/v2\/users\/1"}],"replies":[{"embeddable":true,"href":"https:\/\/www.kjs-bitterfeld.de\/index.php\/wp-json\/wp\/v2\/comments?post=951"}],"version-history":[{"count":52,"href":"https:\/\/www.kjs-bitterfeld.de\/index.php\/wp-json\/wp\/v2\/pages\/951\/revisions"}],"predecessor-version":[{"id":1450,"href":"https:\/\/www.kjs-bitterfeld.de\/index.php\/wp-json\/wp\/v2\/pages\/951\/revisions\/1450"}],"wp:attachment":[{"href":"https:\/\/www.kjs-bitterfeld.de\/index.php\/wp-json\/wp\/v2\/media?parent=951"}],"curies":[{"name":"wp","href":"https:\/\/api.w.org\/{rel}","templated":true}]}}